{"id":96,"date":"2012-11-14T22:05:47","date_gmt":"2012-11-14T22:05:47","guid":{"rendered":"http:\/\/blog.diocesisciudadrodrigo.org\/?page_id=41"},"modified":"2021-08-17T10:08:41","modified_gmt":"2021-08-17T08:08:41","slug":"la-diocesis","status":"publish","type":"page","link":"https:\/\/www.diocesisciudadrodrigo.org\/blog4\/la-diocesis\/","title":{"rendered":"La Di\u00f3cesis"},"content":{"rendered":"\t\t<div data-elementor-type=\"wp-post\" data-elementor-id=\"96\" class=\"elementor elementor-96\" data-elementor-settings=\"[]\">\n\t\t\t\t\t\t<div class=\"elementor-inner\">\n\t\t\t\t\t\t\t<div class=\"elementor-section-wrap\">\n\t\t\t\t\t\t\t<section class=\"elementor-section elementor-top-section elementor-element elementor-element-2baf5f60 elementor-section-boxed elementor-section-height-default elementor-section-height-default\" data-id=\"2baf5f60\" data-element_type=\"section\">\n\t\t\t\t\t\t<div class=\"elementor-container elementor-column-gap-default\">\n\t\t\t\t\t\t\t<div class=\"elementor-row\">\n\t\t\t\t\t<div class=\"elementor-column elementor-col-100 elementor-top-column elementor-element elementor-element-e30ddaa\" data-id=\"e30ddaa\" data-element_type=\"column\">\n\t\t\t<div class=\"elementor-column-wrap elementor-element-populated\">\n\t\t\t\t\t\t\t<div class=\"elementor-widget-wrap\">\n\t\t\t\t\t\t<section class=\"elementor-section elementor-inner-section elementor-element elementor-element-6b44f4e elementor-section-boxed elementor-section-height-default elementor-section-height-default\" data-id=\"6b44f4e\" data-element_type=\"section\" data-settings=\"{&quot;background_background&quot;:&quot;classic&quot;}\">\n\t\t\t\t\t\t<div class=\"elementor-container elementor-column-gap-default\">\n\t\t\t\t\t\t\t<div class=\"elementor-row\">\n\t\t\t\t\t<div class=\"elementor-column elementor-col-50 elementor-inner-column elementor-element elementor-element-5602946\" data-id=\"5602946\" data-element_type=\"column\">\n\t\t\t<div class=\"elementor-column-wrap elementor-element-populated\">\n\t\t\t\t\t\t\t<div class=\"elementor-widget-wrap\">\n\t\t\t\t\t\t<div class=\"elementor-element elementor-element-e7ed8cf elementor-widget elementor-widget-image\" data-id=\"e7ed8cf\" data-element_type=\"widget\" data-widget_type=\"image.default\">\n\t\t\t\t<div class=\"elementor-widget-container\">\n\t\t\t\t\t\t\t\t<div class=\"elementor-image\">\n\t\t\t\t\t\t\t\t\t\t\t\t\t<a href=\"https:\/\/www.diocesisciudadrodrigo.org\/blog4\/wp-content\/uploads\/2019\/04\/mapa_eclesiastico_02.png\">\n\t\t\t\t\t\t\t<img loading=\"lazy\" decoding=\"async\" width=\"1988\" height=\"1476\" src=\"https:\/\/www.diocesisciudadrodrigo.org\/blog4\/wp-content\/uploads\/2019\/04\/mapa_eclesiastico_02.png\" class=\"attachment-full size-full\" alt=\"\" srcset=\"https:\/\/www.diocesisciudadrodrigo.org\/blog4\/wp-content\/uploads\/2019\/04\/mapa_eclesiastico_02.png 1988w, https:\/\/www.diocesisciudadrodrigo.org\/blog4\/wp-content\/uploads\/2019\/04\/mapa_eclesiastico_02-300x223.png 300w, https:\/\/www.diocesisciudadrodrigo.org\/blog4\/wp-content\/uploads\/2019\/04\/mapa_eclesiastico_02-768x570.png 768w, https:\/\/www.diocesisciudadrodrigo.org\/blog4\/wp-content\/uploads\/2019\/04\/mapa_eclesiastico_02-1024x760.png 1024w\" sizes=\"auto, (max-width: 1988px) 100vw, 1988px\" \/>\t\t\t\t\t\t\t\t<\/a>\n\t\t\t\t\t\t\t\t\t\t\t\t\t\t<\/div>\n\t\t\t\t\t\t<\/div>\n\t\t\t\t<\/div>\n\t\t\t\t\t\t<\/div>\n\t\t\t\t\t<\/div>\n\t\t<\/div>\n\t\t\t\t<div class=\"elementor-column elementor-col-50 elementor-inner-column elementor-element elementor-element-cb923fe\" data-id=\"cb923fe\" data-element_type=\"column\">\n\t\t\t<div class=\"elementor-column-wrap elementor-element-populated\">\n\t\t\t\t\t\t\t<div class=\"elementor-widget-wrap\">\n\t\t\t\t\t\t<div class=\"elementor-element elementor-element-31a058b elementor-widget elementor-widget-image\" data-id=\"31a058b\" data-element_type=\"widget\" data-widget_type=\"image.default\">\n\t\t\t\t<div class=\"elementor-widget-container\">\n\t\t\t\t\t\t\t\t<div class=\"elementor-image\">\n\t\t\t\t\t\t\t\t\t\t\t\t\t<a href=\"https:\/\/www.diocesisciudadrodrigo.org\/blog4\/wp-content\/uploads\/2019\/03\/logo_diocesis.jpg\">\n\t\t\t\t\t\t\t<img loading=\"lazy\" decoding=\"async\" width=\"513\" height=\"513\" src=\"https:\/\/www.diocesisciudadrodrigo.org\/blog4\/wp-content\/uploads\/2019\/03\/logo_diocesis.jpg\" class=\"attachment-full size-full\" alt=\"\" srcset=\"https:\/\/www.diocesisciudadrodrigo.org\/blog4\/wp-content\/uploads\/2019\/03\/logo_diocesis.jpg 513w, https:\/\/www.diocesisciudadrodrigo.org\/blog4\/wp-content\/uploads\/2019\/03\/logo_diocesis-150x150.jpg 150w, https:\/\/www.diocesisciudadrodrigo.org\/blog4\/wp-content\/uploads\/2019\/03\/logo_diocesis-300x300.jpg 300w, https:\/\/www.diocesisciudadrodrigo.org\/blog4\/wp-content\/uploads\/2019\/03\/logo_diocesis-100x100.jpg 100w\" sizes=\"auto, (max-width: 513px) 100vw, 513px\" \/>\t\t\t\t\t\t\t\t<\/a>\n\t\t\t\t\t\t\t\t\t\t\t\t\t\t<\/div>\n\t\t\t\t\t\t<\/div>\n\t\t\t\t<\/div>\n\t\t\t\t\t\t<\/div>\n\t\t\t\t\t<\/div>\n\t\t<\/div>\n\t\t\t\t\t\t\t\t<\/div>\n\t\t\t\t\t<\/div>\n\t\t<\/section>\n\t\t\t\t<section class=\"elementor-section elementor-inner-section elementor-element elementor-element-e6f1ec8 elementor-section-boxed elementor-section-height-default elementor-section-height-default\" data-id=\"e6f1ec8\" data-element_type=\"section\">\n\t\t\t\t\t\t<div class=\"elementor-container elementor-column-gap-default\">\n\t\t\t\t\t\t\t<div class=\"elementor-row\">\n\t\t\t\t\t<div class=\"elementor-column elementor-col-50 elementor-inner-column elementor-element elementor-element-02362c9\" data-id=\"02362c9\" data-element_type=\"column\">\n\t\t\t<div class=\"elementor-column-wrap elementor-element-populated\">\n\t\t\t\t\t\t\t<div class=\"elementor-widget-wrap\">\n\t\t\t\t\t\t<div class=\"elementor-element elementor-element-2c598e9 elementor-widget elementor-widget-image\" data-id=\"2c598e9\" data-element_type=\"widget\" data-widget_type=\"image.default\">\n\t\t\t\t<div class=\"elementor-widget-container\">\n\t\t\t\t\t\t\t\t<div class=\"elementor-image\">\n\t\t\t\t\t\t\t\t\t\t\t\t\t<a href=\"https:\/\/www.diocesisciudadrodrigo.org\/blog4\/wp-content\/uploads\/2019\/04\/IMG_7720.png\" data-elementor-open-lightbox=\"yes\" e-action-hash=\"#elementor-action%3Aaction%3Dlightbox%26settings%3DeyJpZCI6ODYzMCwidXJsIjpmYWxzZX0%3D\">\n\t\t\t\t\t\t\t<img decoding=\"async\" src=\"https:\/\/www.diocesisciudadrodrigo.org\/blog4\/wp-content\/uploads\/2019\/04\/IMG_7720.png\" title=\"\" alt=\"\" \/>\t\t\t\t\t\t\t\t<\/a>\n\t\t\t\t\t\t\t\t\t\t\t\t\t\t<\/div>\n\t\t\t\t\t\t<\/div>\n\t\t\t\t<\/div>\n\t\t\t\t<div class=\"elementor-element elementor-element-bc77c39 elementor-widget elementor-widget-image\" data-id=\"bc77c39\" data-element_type=\"widget\" data-widget_type=\"image.default\">\n\t\t\t\t<div class=\"elementor-widget-container\">\n\t\t\t\t\t\t\t\t<div class=\"elementor-image\">\n\t\t\t\t\t\t\t\t\t\t\t\t<img decoding=\"async\" src=\"https:\/\/www.diocesisciudadrodrigo.org\/blog4\/wp-content\/uploads\/elementor\/thumbs\/mapa_basico_diocesis_cr_arciprestazgos-o6ewx5ggldv63l16u46f6hkmgoslmxdlwkqeary1og.png\" title=\"mapa_basico_diocesis_cr_arciprestazgos\" alt=\"mapa_basico_diocesis_cr_arciprestazgos\" \/>\t\t\t\t\t\t\t\t\t\t\t\t\t\t<\/div>\n\t\t\t\t\t\t<\/div>\n\t\t\t\t<\/div>\n\t\t\t\t\t\t<\/div>\n\t\t\t\t\t<\/div>\n\t\t<\/div>\n\t\t\t\t<div class=\"elementor-column elementor-col-50 elementor-inner-column elementor-element elementor-element-a64d148\" data-id=\"a64d148\" data-element_type=\"column\">\n\t\t\t<div class=\"elementor-column-wrap elementor-element-populated\">\n\t\t\t\t\t\t\t<div class=\"elementor-widget-wrap\">\n\t\t\t\t\t\t<div class=\"elementor-element elementor-element-c07021b elementor-widget elementor-widget-text-editor\" data-id=\"c07021b\" data-element_type=\"widget\" data-widget_type=\"text-editor.default\">\n\t\t\t\t<div class=\"elementor-widget-container\">\n\t\t\t\t\t\t\t\t<div class=\"elementor-text-editor elementor-clearfix\">\n\t\t\t\t<p>La di\u00f3cesis de Ciudad Rodrigo est\u00e1 ubicada en la <strong><span style=\"color: #ff0000;\">provincia eclesi\u00e1stica de Valladolid<\/span><\/strong> y se encuentra situada en el \u00e1ngulo suroeste de la provincia civil de Salamanca, en la comunidad de Castilla y Le\u00f3n. Tiene actualmente una extensi\u00f3n de 4.264 Km2. Limita al Norte y al Este con la Di\u00f3cesis de Salamanca, al Sur con la Di\u00f3cesis de Coria-C\u00e1ceres (provincia de C\u00e1ceres) y al Oeste con la Di\u00f3cesis de Guarda (Portugal). Su territorio se divide en <strong><span style=\"color: #ff0000;\">7 arciprestazgos: Abadengo, Agueda, Arga\u00f1\u00e1n, La Ribera, Ciudad Rodrigo, Campo Charro y Yeltes.<\/span><\/strong><\/p><p>El Obispado de Ciudad Rodrigo, de origen medieval, se considera continuaci\u00f3n can\u00f3nica de <strong><span style=\"color: #ff0000;\">Caliabria<\/span><\/strong>, elevada a categor\u00eda de Di\u00f3cesis en la \u00e9poca visigoda seg\u00fan el \u00abParroquial Suevo\u00bb <em>(cf. P. David, Etudes historiques sur la Galice et le Portugal, pag. 37)<\/em> y situada cerca de la desembocadura de los r\u00edos Agueda y del Coa en el Duero, a dos kil\u00f3metros de Castelo Melhor y a ochenta de Ciudad Rodrigo.<\/p><p>Reconquistada la plaza de Ciudad Rodrigo hacia el a\u00f1o 1.102 por el <strong><span style=\"color: #ff0000;\">Conde Rodrigo Gonz\u00e1lez de Gir\u00f3n<\/span><\/strong>, de donde recibe el nombre de <strong><span style=\"color: #ff0000;\">\u00abCivitas Roderici\u00bb<\/span><\/strong>. (Ciudad Rodrigo), la ciudad tom\u00f3 una importancia decisiva en el reinado de <strong><span style=\"color: #ff0000;\">Fernando II de Le\u00f3n (1.157-1.188)<\/span><\/strong>. El monarca leon\u00e9s foment\u00f3 su repoblaci\u00f3n, la favoreci\u00f3 con muchos privilegios y, para dar m\u00e1s estabilidad a esta poblaci\u00f3n, pens\u00f3 establecer all\u00ed un obispado.<\/p>\t\t\t\t\t<\/div>\n\t\t\t\t\t\t<\/div>\n\t\t\t\t<\/div>\n\t\t\t\t\t\t<\/div>\n\t\t\t\t\t<\/div>\n\t\t<\/div>\n\t\t\t\t\t\t\t\t<\/div>\n\t\t\t\t\t<\/div>\n\t\t<\/section>\n\t\t\t\t<section class=\"elementor-section elementor-inner-section elementor-element elementor-element-7184ebf elementor-section-boxed elementor-section-height-default elementor-section-height-default\" data-id=\"7184ebf\" data-element_type=\"section\">\n\t\t\t\t\t\t<div class=\"elementor-container elementor-column-gap-default\">\n\t\t\t\t\t\t\t<div class=\"elementor-row\">\n\t\t\t\t\t<div class=\"elementor-column elementor-col-100 elementor-inner-column elementor-element elementor-element-def3485\" data-id=\"def3485\" data-element_type=\"column\">\n\t\t\t<div class=\"elementor-column-wrap elementor-element-populated\">\n\t\t\t\t\t\t\t<div class=\"elementor-widget-wrap\">\n\t\t\t\t\t\t<div class=\"elementor-element elementor-element-102e0ac elementor-widget elementor-widget-text-editor\" data-id=\"102e0ac\" data-element_type=\"widget\" data-widget_type=\"text-editor.default\">\n\t\t\t\t<div class=\"elementor-widget-container\">\n\t\t\t\t\t\t\t\t<div class=\"elementor-text-editor elementor-clearfix\">\n\t\t\t\t<p>De acuerdo con el arzobispo de Santiago de Compostela, don Fernando II determin\u00f3 la fundaci\u00f3n de la Di\u00f3cesis de Ciudad Rodrigo <strong><span style=\"color: #ff0000;\">el 13 de febrero de 1.161<\/span> <\/strong><em>(cf. A. L\u00f3pez Ferreiro, Historia de la Iglesia de Santiago, Santiago 1.901, 4, ap. 30, pag. 78<\/em>). Sin embargo no aparece el nombre de ning\u00fan obispo hasta el 10 de junio de 1.168 en el que suscribe: \u00ab<strong><span style=\"color: #ff0000;\">Dominicus, electus Civitas Roderici<\/span><\/strong>\u00bb (<em>cf. A. L\u00f3pez Ferreiro, Historia de la Iglesia de Santiago, 4, ap. 39, p\u00e1g, 97-98<\/em>).\u00a0 Sus obispos se consideraban continuadores de la antigua Di\u00f3cesis de Caliabria; de aqu\u00ed que firmaran tambi\u00e9n con el t\u00edtulo de \u00abCaliabriensis\u00bb <em>(cf. F. Fita, Don Domingo, obispo de Caliabria, en \u00abBol. Academia de la Historia\u00bb, 62, 1913, 270-275<\/em>).<\/p><p>La creaci\u00f3n de la nueva Di\u00f3cesis encontr\u00f3 dificultades en Salamanca, que ve\u00eda mermados sus territorios por el Oeste, pero la discusi\u00f3n de l\u00edmites fue zanjada en las concordias de los a\u00f1os 1.173 y 1.174 (<em>cf. J. Conz\u00e1lez, Regesta de Fernando II, n. 30, p\u00e1g. 253; F. Marcos Rodr\u00edguez, Cat\u00e1logo de documentos del archivo catedralicio de Salamanca, Salamanca 1.962, n. 59, p\u00e1g. 20-21; y M. Villar y Mac\u00edas, Historia de Salamanca, I, p\u00e1g. 236<\/em>). Con estas concordias y los informes favorables llevados a Roma por el legado Cardenal Jacinto, se obtuvo del <strong><span style=\"color: #ff0000;\">Papa Alejandro III<\/span><\/strong> la aprobaci\u00f3n y confirmaci\u00f3n definitiva de la <strong><span style=\"color: #ff0000;\">Sede Civitatense<\/span><\/strong>, otorgada por Bula del <strong><span style=\"color: #ff0000;\">25 de mayo de 1.175<\/span><\/strong> (<em>Cf. F. Fita, El Papa Alejandro III y la Di\u00f3cesis de Ciudad Rodrigoen \u00abBol. Academia de la Historia\u00bb, 62, 1.913, 155)<\/em>. Quedaba como sufrag\u00e1nea de Santiago de Compostela y a esta archidi\u00f3cesis perteneci\u00f3 hasta el a\u00f1o 1.851, en que fue creada la Provincia Eclesi\u00e1stica de Valladolid, pasando Ciudad Rodrigo a formar parte de ella.<\/p>\t\t\t\t\t<\/div>\n\t\t\t\t\t\t<\/div>\n\t\t\t\t<\/div>\n\t\t\t\t\t\t<\/div>\n\t\t\t\t\t<\/div>\n\t\t<\/div>\n\t\t\t\t\t\t\t\t<\/div>\n\t\t\t\t\t<\/div>\n\t\t<\/section>\n\t\t\t\t<div class=\"elementor-element elementor-element-6cc0b53 elementor-widget-divider--view-line elementor-widget elementor-widget-divider\" data-id=\"6cc0b53\" data-element_type=\"widget\" data-widget_type=\"divider.default\">\n\t\t\t\t<div class=\"elementor-widget-container\">\n\t\t\t\t\t<div class=\"elementor-divider\">\n\t\t\t<span class=\"elementor-divider-separator\">\n\t\t\t\t\t\t<\/span>\n\t\t<\/div>\n\t\t\t\t<\/div>\n\t\t\t\t<\/div>\n\t\t\t\t<section class=\"elementor-section elementor-inner-section elementor-element elementor-element-b276fae elementor-section-boxed elementor-section-height-default elementor-section-height-default\" data-id=\"b276fae\" data-element_type=\"section\">\n\t\t\t\t\t\t<div class=\"elementor-container elementor-column-gap-default\">\n\t\t\t\t\t\t\t<div class=\"elementor-row\">\n\t\t\t\t\t<div class=\"elementor-column elementor-col-50 elementor-inner-column elementor-element elementor-element-1528ad4\" data-id=\"1528ad4\" data-element_type=\"column\">\n\t\t\t<div class=\"elementor-column-wrap elementor-element-populated\">\n\t\t\t\t\t\t\t<div class=\"elementor-widget-wrap\">\n\t\t\t\t\t\t<div class=\"elementor-element elementor-element-5cbbeee elementor-widget elementor-widget-image\" data-id=\"5cbbeee\" data-element_type=\"widget\" data-widget_type=\"image.default\">\n\t\t\t\t<div class=\"elementor-widget-container\">\n\t\t\t\t\t\t\t\t<div class=\"elementor-image\">\n\t\t\t\t\t\t\t\t\t\t\t\t<img decoding=\"async\" src=\"https:\/\/www.diocesisciudadrodrigo.org\/blog4\/wp-content\/uploads\/elementor\/thumbs\/catedral-noche-20070609_000404-o6420t3k80bkchqn0syysra7f20pl1pau9p4zgp1wg.png\" title=\"catedral noche 20070609_000404\" alt=\"catedral noche 20070609_000404\" \/>\t\t\t\t\t\t\t\t\t\t\t\t\t\t<\/div>\n\t\t\t\t\t\t<\/div>\n\t\t\t\t<\/div>\n\t\t\t\t\t\t<\/div>\n\t\t\t\t\t<\/div>\n\t\t<\/div>\n\t\t\t\t<div class=\"elementor-column elementor-col-50 elementor-inner-column elementor-element elementor-element-be39683\" data-id=\"be39683\" data-element_type=\"column\">\n\t\t\t<div class=\"elementor-column-wrap elementor-element-populated\">\n\t\t\t\t\t\t\t<div class=\"elementor-widget-wrap\">\n\t\t\t\t\t\t<div class=\"elementor-element elementor-element-37bfed2b elementor-widget elementor-widget-text-editor\" data-id=\"37bfed2b\" data-element_type=\"widget\" data-widget_type=\"text-editor.default\">\n\t\t\t\t<div class=\"elementor-widget-container\">\n\t\t\t\t\t\t\t\t<div class=\"elementor-text-editor elementor-clearfix\">\n\t\t\t\t<p>La l\u00ednea divisoria entre Ciudad Rodrigo y Salamanca, seg\u00fan las citadas concordias, se hac\u00eda pasar entre los r\u00edos Huebra y Yeltes. Por el Oeste la Di\u00f3cesis de Ciudad Rodrigo se internaba en el actual Portugal, donde <em><span style=\"color: #ff0000;\">ten\u00eda cuarenta y cinco parroquias en la regi\u00f3n de Sabugal<\/span><\/em> y que perdi\u00f3 definitivamente en la \u00e9poca del Cisma de Occidente (1.378-1.417). A pesar de las reclamaciones hechas por el obispo Alfonso de Paradinas (1.469-1.485), el Papa Sixto IV confirm\u00f3 la desmembraci\u00f3n por Bula del 21 de Junio de 1.481. Lo intent\u00f3 nuevamente el obispo Mart\u00edn de Salvatierra (1.591-1.601), pero la confirmaci\u00f3n ya no fue revocada. Con la Di\u00f3cesis de Coria los l\u00edmites se fijaron en las concordias de los a\u00f1os 1.193 y 1.223, quedando dentro de Ciudad Rodrigo el <em><span style=\"color: #ff0000;\">arciprestazgo de Sierra de Gata<\/span><\/em> con los pueblos de Eljas, Trevejo, San Mart\u00edn de Trevejo, Villamiel, Descargamar\u00eda y Robledillo de Gata (C\u00e1ceres).<\/p><p>Las frecuentes guerras con Portugal fueron muy funestas para la Di\u00f3cesis; pero el Obispado no qued\u00f3 interrumpido en ning\u00fan momento. Las iglesias, muchas veces saqueadas y destruidas, se restauraron principalmente a lo largo de los siglos XVI y XVII.<\/p><p>El <strong><span style=\"color: #ff0000;\">Concordato de 1.851<\/span><\/strong> determin\u00f3 la supresi\u00f3n de la Di\u00f3cesis, pero \u00e9sta no se llev\u00f3 a efecto. <em><span style=\"color: #ff0000;\">La Sede estuvo vacante durante 24 a\u00f1os, desde 1.843 a 1.867<\/span><\/em>. A partir de este a\u00f1o y hasta 1.884 Ciudad Rodrigo estuvo regida por los obispos de Salamanca en calidad de Administradores Apost\u00f3licos. El a\u00f1o 1.884 se logr\u00f3 que Ciudad Rodrigo tuviera obispo propio, si bien todav\u00eda como Administrador Apost\u00f3lico. Esta situaci\u00f3n cambi\u00f3 el <strong><span style=\"color: #ff0000;\">2 de febrero de 1.950<\/span><\/strong>, cuando, por Bula del Papa P\u00edo XII, Mons. Jes\u00fas Enciso Viana pas\u00f3 a ser obispo residencial. Como consecuencia del <strong><span style=\"color: #ff0000;\">Concordato de 1.953<\/span><\/strong>, los l\u00edmites de la Di\u00f3cesis sufrieron una nueva variaci\u00f3n el 20 de julio de 1.958, para ajustar la delimitaci\u00f3n territorial eclesi\u00e1stica a la de la provincia de Salamanca. Por este motivo Ciudad Rodrigo cedi\u00f3 a Coria-C\u00e1ceres el mencionado arciprestazgo de Sierra de Gata. Recibi\u00f3, en cambio, dentro de la provincia de Salamanca las parroquias de Aldeanueva de la Sierra, Anaya de Huebra con su filial Gallegos de Huebra, Avililla de la Sierra, Mieza, Mu\u00f1oz, San Mu\u00f1oz, Sanch\u00f3n de la Sagrada, La Sagrada, Tamames y Villares de Yeltes con la filial de Pedro Alvarado (<em><span style=\"color: #ff0000;\">cf. \u00abActae Apostolicae Sedis\u00bb 51, 1.959, 38-40<\/span><\/em>). Tambi\u00e9n pas\u00f3 a Ciudad Rodrigo el Monasterio de Porta Coeli de El Zarzoso. No as\u00ed el Santuario de la Virgen de la Pe\u00f1a de Francia, a pesar de su proximidad geogr\u00e1fica.<\/p><p>Entre los prelados m\u00e1s insignes de la Di\u00f3cesis Civitatense merecen se\u00f1alarse: D. <span style=\"color: #ff0000;\"><strong>Alfonso de Paradinas<\/strong><\/span> (1.469-1.485), fundador de la Iglesia Nacional Espa\u00f1ola de Santiago en Roma y del Hospital de los espa\u00f1oles en la Ciudad Eterna. D. <span style=\"color: #ff0000;\"><strong>Juan Pardo de Tavera<\/strong><\/span> (1.514-1.523), fundador del Convento de Santa Cruz para Religiosas Agustinas y constructor del \u00e1bside de la Catedral, y m\u00e1s tarde arzobispo de Toledo y cardenal. D. <span style=\"color: #ff0000;\"><strong>Pedro Pacheco<\/strong> <\/span>(1.537-1.539), cardenal y reformador de la Universidad de Salamanca, que asisti\u00f3 al Concilio de Trento. D. <span style=\"color: #ff0000;\"><strong>Diego de Simancas<\/strong><\/span> (1.564-1.568), del Consejo de la Inquisici\u00f3n, Virrey de N\u00e1poles y escritor. <span style=\"color: #ff0000;\"><strong>Mart\u00edn de Salvatierra<\/strong><\/span> (1.591-1.604), que celebr\u00f3 el primer S\u00ednodo diocesano y fund\u00f3 el convento de Franciscanas Descalzas. D. <span style=\"color: #ff0000;\"><strong>Jer\u00f3nimo Ru\u00edz de Camargo<\/strong><\/span> (1.613-1.622), de gran erudici\u00f3n b\u00edblica. <span style=\"color: #ff0000;\"><strong>Gregorio T\u00e9llez<\/strong><\/span> (1.721-1.737), promotor de la devoci\u00f3n al Sagrado Coraz\u00f3n de Jes\u00fas. D.<span style=\"color: #ff0000;\"> <strong>Cayetano Antonio Cuadrillero<\/strong><\/span> (1.763-1.777), fundador del Seminario diocesano y del Hospicio o Casa Cuna.<\/p><p>M\u00e1s recientemente hay que mencionar a D. <span style=\"color: #ff0000;\"><strong>Jos\u00e9 Tom\u00e1s de Mazarrasa<\/strong><\/span> (1.884-1.907), primer Administrador Apost\u00f3lico de Ciudad Rodrigo al cesar la Administraci\u00f3n Apost\u00f3lica del Obispo de Salamanca, fundador del Asilo de las Hermanitas de los Ancianos Desamparados, del Convento de Carmelitas Descalzas y del Colegio de la Compa\u00f1\u00eda de Santa Teresa. Y D. <span style=\"color: #ff0000;\"><strong>Demetrio Mansilla Reoyo<\/strong><\/span> (1.964-1.988), eminente historiador, que asisti\u00f3 al Concilio Vaticano II y rigi\u00f3 la Di\u00f3cesis de Ciudad Rodrigo durante 24 a\u00f1os.<\/p>\t\t\t\t\t<\/div>\n\t\t\t\t\t\t<\/div>\n\t\t\t\t<\/div>\n\t\t\t\t\t\t<\/div>\n\t\t\t\t\t<\/div>\n\t\t<\/div>\n\t\t\t\t\t\t\t\t<\/div>\n\t\t\t\t\t<\/div>\n\t\t<\/section>\n\t\t\t\t<div class=\"elementor-element elementor-element-6939142 elementor-widget-divider--view-line elementor-widget elementor-widget-divider\" data-id=\"6939142\" data-element_type=\"widget\" data-widget_type=\"divider.default\">\n\t\t\t\t<div class=\"elementor-widget-container\">\n\t\t\t\t\t<div class=\"elementor-divider\">\n\t\t\t<span class=\"elementor-divider-separator\">\n\t\t\t\t\t\t<\/span>\n\t\t<\/div>\n\t\t\t\t<\/div>\n\t\t\t\t<\/div>\n\t\t\t\t<div class=\"elementor-element elementor-element-64eb728 elementor-widget elementor-widget-heading\" data-id=\"64eb728\" data-element_type=\"widget\" data-widget_type=\"heading.default\">\n\t\t\t\t<div class=\"elementor-widget-container\">\n\t\t\t<h2 class=\"elementor-heading-title elementor-size-default\">Nuestra Di\u00f3cesis a d\u00eda de hoy<\/h2>\t\t<\/div>\n\t\t\t\t<\/div>\n\t\t\t\t<div class=\"elementor-element elementor-element-9a51945 elementor-widget elementor-widget-text-editor\" data-id=\"9a51945\" data-element_type=\"widget\" data-widget_type=\"text-editor.default\">\n\t\t\t\t<div class=\"elementor-widget-container\">\n\t\t\t\t\t\t\t\t<div class=\"elementor-text-editor elementor-clearfix\">\n\t\t\t\t<p>Ciudad Rodrigo tiene actualmente una extensi\u00f3n de 4.264 Km2. Cuenta con 33.846 habitantes (<em>censo a 1 de enero de 2020<\/em>),\u00a0y 121 parroquias, distribuidas en 7 arciprestazgos: Abadengo, \u00c1gueda, Arga\u00f1\u00e1n, Ciudad Rodrigo, Campo Charro, La Ribera y Yeltes.<\/p><p>Sacerdotes diocesanos: El n\u00famero de sacerdotes incardinados en la di\u00f3cesis es de 57, de los que 46 residen en ella y 11 fuera. Dedicados al ministerio parroquial, como p\u00e1rrocos, vicarios parroquiales o adscritos hay 36 sacerdotes. La media de edad del clero es de 70,81 a\u00f1os.<\/p><p>El Seminario Diocesano cuenta con Seminario Menor y Mayor. Los alumnos del Seminario Menor residen y se forman en Ciudad Rodrigo, los del Seminario Mayor residen en Salamanca, en el Teologado de \u00c1vila, acudiendo a las clases de la Facultad de Teolog\u00eda de la Universidad Pontificia de Salamanca. En el Curso 2020-2021 el n\u00famero de alumnos del Seminario Menor es de 19\u00a0 , no contando con ning\u00fan seminarista mayor.<\/p><p>En la Di\u00f3cesis est\u00e1n presentes 12 Institutos de Vida Consagrada: \u2013 contemplativas: 3 casas \u2013 de vida activa: 12 casas.<\/p><p>Movimientos de Apostolado Seglar y Asociaciones de espiritualidad laical, sin contar las numerosas cofrad\u00edas y otros grupos: de adultos, 5 movimientos apost\u00f3licos y 5 asociaciones de espiritualidad.<\/p><p>C\u00e1ritas Diocesana de Ciudad Rodrigo en nombre de toda la comunidad cristiana atiende a los excluidos de la sociedad y promueve una sociedad m\u00e1s justa y fraterna. Seg\u00fan los datos de la memoria 2020 destin\u00f3 a ello la cantidad de 347.847,85 euros en distintos programas como acogida y empleo, atenci\u00f3n psicol\u00f3gica, infancia y juventud, mayores, hecho migratorio, etc. Adem\u00e1s existen otras entidades que trabajan al servicio de los pobres y necesitados como Manos Unidas (proyectos de cooperaci\u00f3n internacional), Conferencias de San Vicente de Pa\u00fal, Voluntarias de la Caridad, etc. Igualmente varias comunidades religiosas atienden a los ancianos en Residencias.<\/p><p>La Di\u00f3cesis tiene como Patrono a San Isidoro de Sevilla, cuya fiesta se celebra el 26 de abril. La ciudad episcopal tiene como Patrono principal a San Sebasti\u00e1n.<\/p><p>La denominaci\u00f3n latina de la Curia es Civitatensis.<\/p><p>La Di\u00f3cesis cuenta con unos 150 catequistas aproximadamente, preferentemente de la infancia y de la adolescencia. El 80 % de los ni\u00f1os y preadolescentes asisten a la catequesis parroquial desde su iniciaci\u00f3n hasta que reciben el Sacramento de la Confirmaci\u00f3n. En varias parroquias existen grupos de Catequesis de Adultos.<\/p><p>En la Di\u00f3cesis funciona el Centro Teol\u00f3gico Civitatense \u201cSan Isidoro\u201d para laicos y religiosas. Adem\u00e1s del Seminario Diocesano, hay un colegio cat\u00f3lico de ense\u00f1anza, dirigido por las Misioneras de la Providencia. En la Ense\u00f1anza religiosa escolar trabajan 13 profesores en los centros privados y 13 en los centros p\u00fablicos, propuestos por el Sr. Obispo y contratados por la administraci\u00f3n: todos ellos son seglares.<\/p>\t\t\t\t\t<\/div>\n\t\t\t\t\t\t<\/div>\n\t\t\t\t<\/div>\n\t\t\t\t<div class=\"elementor-element elementor-element-22085ce elementor-widget elementor-widget-heading\" data-id=\"22085ce\" data-element_type=\"widget\" data-widget_type=\"heading.default\">\n\t\t\t\t<div class=\"elementor-widget-container\">\n\t\t\t<h2 class=\"elementor-heading-title elementor-size-default\">CALENDARIO DIOCESANO<\/h2>\t\t<\/div>\n\t\t\t\t<\/div>\n\t\t\t\t<section class=\"elementor-section elementor-inner-section elementor-element elementor-element-f09a376 elementor-section-boxed elementor-section-height-default elementor-section-height-default\" data-id=\"f09a376\" data-element_type=\"section\">\n\t\t\t\t\t\t<div class=\"elementor-container elementor-column-gap-default\">\n\t\t\t\t\t\t\t<div class=\"elementor-row\">\n\t\t\t\t\t<div class=\"elementor-column elementor-col-50 elementor-inner-column elementor-element elementor-element-25db29e\" data-id=\"25db29e\" data-element_type=\"column\">\n\t\t\t<div class=\"elementor-column-wrap elementor-element-populated\">\n\t\t\t\t\t\t\t<div class=\"elementor-widget-wrap\">\n\t\t\t\t\t\t<div class=\"elementor-element elementor-element-399d79f elementor-widget elementor-widget-text-editor\" data-id=\"399d79f\" data-element_type=\"widget\" data-widget_type=\"text-editor.default\">\n\t\t\t\t<div class=\"elementor-widget-container\">\n\t\t\t\t\t\t\t\t<div class=\"elementor-text-editor elementor-clearfix\">\n\t\t\t\t<p>\u00a0<\/p><ul><li>20 de enero, San Sebasti\u00e1n, m\u00e1rtir, Patrono de Ciudad Rodrigo, solemnidad en la ciudad.<\/li><li>26 de abril, San Isidoro de Sevilla, doctor de la Iglesia, Patrono de la Di\u00f3cesis, fiesta.<\/li><li>15 de agosto, Asunci\u00f3n de la Sant\u00edsima Virgen, T\u00edtulo de la Catedral, solemnidad.<\/li><li>8 de septiembre, Nuestra Se\u00f1ora de la Pe\u00f1a de Francia, Patrona de la Provincia de Salamanca, fiesta.<\/li><li>25 de septiembre, Fiesta en la di\u00f3cesis de Beata Mar\u00eda Nieves Crespo L\u00f3pez, Virgen y M\u00e1rtir<\/li><li>15 de octubre, Santa Teresa de Jes\u00fas, Patrona de la Provincia Eclesi\u00e1stica de Valladolid, fiesta.<\/li><li>20 de noviembre, aniversario de la Dedicaci\u00f3n de la Catedral, solemnidad en la Catedral, fiesta en la Di\u00f3cesis.<\/li><\/ul>\t\t\t\t\t<\/div>\n\t\t\t\t\t\t<\/div>\n\t\t\t\t<\/div>\n\t\t\t\t\t\t<\/div>\n\t\t\t\t\t<\/div>\n\t\t<\/div>\n\t\t\t\t<div class=\"elementor-column elementor-col-50 elementor-inner-column elementor-element elementor-element-9dd4ca9\" data-id=\"9dd4ca9\" data-element_type=\"column\">\n\t\t\t<div class=\"elementor-column-wrap elementor-element-populated\">\n\t\t\t\t\t\t\t<div class=\"elementor-widget-wrap\">\n\t\t\t\t\t\t<div class=\"elementor-element elementor-element-4864468 elementor-widget elementor-widget-image\" data-id=\"4864468\" data-element_type=\"widget\" data-widget_type=\"image.default\">\n\t\t\t\t<div class=\"elementor-widget-container\">\n\t\t\t\t\t\t\t\t<div class=\"elementor-image\">\n\t\t\t\t\t\t\t\t\t\t\t\t<img loading=\"lazy\" decoding=\"async\" width=\"483\" height=\"1024\" src=\"https:\/\/www.diocesisciudadrodrigo.org\/blog4\/wp-content\/uploads\/2019\/04\/virgen-pe\u00f1a-de-francia-IMG_2751-483x1024.jpg\" class=\"attachment-large size-large\" alt=\"\" srcset=\"https:\/\/www.diocesisciudadrodrigo.org\/blog4\/wp-content\/uploads\/2019\/04\/virgen-pe\u00f1a-de-francia-IMG_2751-483x1024.jpg 483w, https:\/\/www.diocesisciudadrodrigo.org\/blog4\/wp-content\/uploads\/2019\/04\/virgen-pe\u00f1a-de-francia-IMG_2751-142x300.jpg 142w, https:\/\/www.diocesisciudadrodrigo.org\/blog4\/wp-content\/uploads\/2019\/04\/virgen-pe\u00f1a-de-francia-IMG_2751.jpg 576w\" sizes=\"auto, (max-width: 483px) 100vw, 483px\" \/>\t\t\t\t\t\t\t\t\t\t\t\t\t\t<\/div>\n\t\t\t\t\t\t<\/div>\n\t\t\t\t<\/div>\n\t\t\t\t\t\t<\/div>\n\t\t\t\t\t<\/div>\n\t\t<\/div>\n\t\t\t\t\t\t\t\t<\/div>\n\t\t\t\t\t<\/div>\n\t\t<\/section>\n\t\t\t\t\t\t<\/div>\n\t\t\t\t\t<\/div>\n\t\t<\/div>\n\t\t\t\t\t\t\t\t<\/div>\n\t\t\t\t\t<\/div>\n\t\t<\/section>\n\t\t\t\t\t\t<\/div>\n\t\t\t\t\t\t<\/div>\n\t\t\t\t\t<\/div>\n\t\t","protected":false},"excerpt":{"rendered":"<p>La di\u00f3cesis de Ciudad Rodrigo est\u00e1 ubicada en la provincia eclesi\u00e1stica de Valladolid y se encuentra situada en el \u00e1ngulo suroeste de la provincia civil de Salamanca, en la comunidad &#8230; <\/p>\n<p class=\"read-more-container\"><a title=\"La Di\u00f3cesis\" class=\"read-more button\" href=\"https:\/\/www.diocesisciudadrodrigo.org\/blog4\/la-diocesis\/#more-96\" aria-label=\"M\u00e1s en La Di\u00f3cesis\">Leer m\u00e1s &#8230;<\/a><\/p>\n","protected":false},"author":1,"featured_media":0,"parent":0,"menu_order":1,"comment_status":"closed","ping_status":"open","template":"","meta":{"footnotes":""},"class_list":["post-96","page","type-page","status-publish"],"yoast_head":"<!-- This site is optimized with the Yoast SEO plugin v27.3 - https:\/\/yoast.com\/product\/yoast-seo-wordpress\/ -->\n<title>La Di\u00f3cesis - Di\u00f3cesis de Ciudad Rodrigo<\/title>\n<meta name=\"robots\" content=\"index, follow, max-snippet:-1, max-image-preview:large, max-video-preview:-1\" \/>\n<link rel=\"canonical\" href=\"https:\/\/www.diocesisciudadrodrigo.org\/blog4\/la-diocesis\/\" \/>\n<meta property=\"og:locale\" content=\"es_ES\" \/>\n<meta property=\"og:type\" content=\"article\" \/>\n<meta property=\"og:title\" content=\"La Di\u00f3cesis - Di\u00f3cesis de Ciudad Rodrigo\" \/>\n<meta property=\"og:description\" content=\"La di\u00f3cesis de Ciudad Rodrigo est\u00e1 ubicada en la provincia eclesi\u00e1stica de Valladolid y se encuentra situada en el \u00e1ngulo suroeste de la provincia civil de Salamanca, en la comunidad ... Leer m\u00e1s ...\" \/>\n<meta property=\"og:url\" content=\"https:\/\/www.diocesisciudadrodrigo.org\/blog4\/la-diocesis\/\" \/>\n<meta property=\"og:site_name\" content=\"Di\u00f3cesis de Ciudad Rodrigo\" \/>\n<meta property=\"article:publisher\" content=\"https:\/\/www.facebook.com\/people\/Dicesis-Ciudad-Rodrigo-MCS\/100076471923419\/#\" \/>\n<meta property=\"article:modified_time\" content=\"2021-08-17T08:08:41+00:00\" \/>\n<meta property=\"og:image\" content=\"https:\/\/www.diocesisciudadrodrigo.org\/blog4\/wp-content\/uploads\/2019\/04\/mapa_eclesiastico_02.png\" \/>\n<meta name=\"twitter:card\" content=\"summary_large_image\" \/>\n<meta name=\"twitter:label1\" content=\"Tiempo de lectura\" \/>\n\t<meta name=\"twitter:data1\" content=\"9 minutos\" \/>\n<script type=\"application\/ld+json\" class=\"yoast-schema-graph\">{\"@context\":\"https:\\\/\\\/schema.org\",\"@graph\":[{\"@type\":\"WebPage\",\"@id\":\"https:\\\/\\\/www.diocesisciudadrodrigo.org\\\/blog4\\\/la-diocesis\\\/\",\"url\":\"https:\\\/\\\/www.diocesisciudadrodrigo.org\\\/blog4\\\/la-diocesis\\\/\",\"name\":\"La Di\u00f3cesis - Di\u00f3cesis de Ciudad Rodrigo\",\"isPartOf\":{\"@id\":\"https:\\\/\\\/www.diocesisciudadrodrigo.org\\\/blog4\\\/#website\"},\"primaryImageOfPage\":{\"@id\":\"https:\\\/\\\/www.diocesisciudadrodrigo.org\\\/blog4\\\/la-diocesis\\\/#primaryimage\"},\"image\":{\"@id\":\"https:\\\/\\\/www.diocesisciudadrodrigo.org\\\/blog4\\\/la-diocesis\\\/#primaryimage\"},\"thumbnailUrl\":\"https:\\\/\\\/www.diocesisciudadrodrigo.org\\\/blog4\\\/wp-content\\\/uploads\\\/2019\\\/04\\\/mapa_eclesiastico_02.png\",\"datePublished\":\"2012-11-14T22:05:47+00:00\",\"dateModified\":\"2021-08-17T08:08:41+00:00\",\"breadcrumb\":{\"@id\":\"https:\\\/\\\/www.diocesisciudadrodrigo.org\\\/blog4\\\/la-diocesis\\\/#breadcrumb\"},\"inLanguage\":\"es\",\"potentialAction\":[{\"@type\":\"ReadAction\",\"target\":[\"https:\\\/\\\/www.diocesisciudadrodrigo.org\\\/blog4\\\/la-diocesis\\\/\"]}]},{\"@type\":\"ImageObject\",\"inLanguage\":\"es\",\"@id\":\"https:\\\/\\\/www.diocesisciudadrodrigo.org\\\/blog4\\\/la-diocesis\\\/#primaryimage\",\"url\":\"https:\\\/\\\/www.diocesisciudadrodrigo.org\\\/blog4\\\/wp-content\\\/uploads\\\/2019\\\/04\\\/mapa_eclesiastico_02.png\",\"contentUrl\":\"https:\\\/\\\/www.diocesisciudadrodrigo.org\\\/blog4\\\/wp-content\\\/uploads\\\/2019\\\/04\\\/mapa_eclesiastico_02.png\"},{\"@type\":\"BreadcrumbList\",\"@id\":\"https:\\\/\\\/www.diocesisciudadrodrigo.org\\\/blog4\\\/la-diocesis\\\/#breadcrumb\",\"itemListElement\":[{\"@type\":\"ListItem\",\"position\":1,\"name\":\"Portada\",\"item\":\"https:\\\/\\\/www.diocesisciudadrodrigo.org\\\/blog4\\\/\"},{\"@type\":\"ListItem\",\"position\":2,\"name\":\"La Di\u00f3cesis\"}]},{\"@type\":\"WebSite\",\"@id\":\"https:\\\/\\\/www.diocesisciudadrodrigo.org\\\/blog4\\\/#website\",\"url\":\"https:\\\/\\\/www.diocesisciudadrodrigo.org\\\/blog4\\\/\",\"name\":\"Di\u00f3cesis de Ciudad Rodrigo\",\"description\":\"Sitio web oficial de la di\u00f3cesis civitatense\",\"publisher\":{\"@id\":\"https:\\\/\\\/www.diocesisciudadrodrigo.org\\\/blog4\\\/#organization\"},\"potentialAction\":[{\"@type\":\"SearchAction\",\"target\":{\"@type\":\"EntryPoint\",\"urlTemplate\":\"https:\\\/\\\/www.diocesisciudadrodrigo.org\\\/blog4\\\/?s={search_term_string}\"},\"query-input\":{\"@type\":\"PropertyValueSpecification\",\"valueRequired\":true,\"valueName\":\"search_term_string\"}}],\"inLanguage\":\"es\"},{\"@type\":\"Organization\",\"@id\":\"https:\\\/\\\/www.diocesisciudadrodrigo.org\\\/blog4\\\/#organization\",\"name\":\"Di\u00f3cesis de Ciudad Rodrigo\",\"url\":\"https:\\\/\\\/www.diocesisciudadrodrigo.org\\\/blog4\\\/\",\"logo\":{\"@type\":\"ImageObject\",\"inLanguage\":\"es\",\"@id\":\"https:\\\/\\\/www.diocesisciudadrodrigo.org\\\/blog4\\\/#\\\/schema\\\/logo\\\/image\\\/\",\"url\":\"https:\\\/\\\/www.diocesisciudadrodrigo.org\\\/blog4\\\/wp-content\\\/uploads\\\/2024\\\/12\\\/Diocesis.CMYK_-768x480-1.jpg\",\"contentUrl\":\"https:\\\/\\\/www.diocesisciudadrodrigo.org\\\/blog4\\\/wp-content\\\/uploads\\\/2024\\\/12\\\/Diocesis.CMYK_-768x480-1.jpg\",\"width\":768,\"height\":480,\"caption\":\"Di\u00f3cesis de Ciudad Rodrigo\"},\"image\":{\"@id\":\"https:\\\/\\\/www.diocesisciudadrodrigo.org\\\/blog4\\\/#\\\/schema\\\/logo\\\/image\\\/\"},\"sameAs\":[\"https:\\\/\\\/www.facebook.com\\\/people\\\/Dicesis-Ciudad-Rodrigo-MCS\\\/100076471923419\\\/#\"]}]}<\/script>\n<!-- \/ Yoast SEO plugin. -->","yoast_head_json":{"title":"La Di\u00f3cesis - Di\u00f3cesis de Ciudad Rodrigo","robots":{"index":"index","follow":"follow","max-snippet":"max-snippet:-1","max-image-preview":"max-image-preview:large","max-video-preview":"max-video-preview:-1"},"canonical":"https:\/\/www.diocesisciudadrodrigo.org\/blog4\/la-diocesis\/","og_locale":"es_ES","og_type":"article","og_title":"La Di\u00f3cesis - Di\u00f3cesis de Ciudad Rodrigo","og_description":"La di\u00f3cesis de Ciudad Rodrigo est\u00e1 ubicada en la provincia eclesi\u00e1stica de Valladolid y se encuentra situada en el \u00e1ngulo suroeste de la provincia civil de Salamanca, en la comunidad ... Leer m\u00e1s ...","og_url":"https:\/\/www.diocesisciudadrodrigo.org\/blog4\/la-diocesis\/","og_site_name":"Di\u00f3cesis de Ciudad Rodrigo","article_publisher":"https:\/\/www.facebook.com\/people\/Dicesis-Ciudad-Rodrigo-MCS\/100076471923419\/#","article_modified_time":"2021-08-17T08:08:41+00:00","og_image":[{"url":"https:\/\/www.diocesisciudadrodrigo.org\/blog4\/wp-content\/uploads\/2019\/04\/mapa_eclesiastico_02.png","type":"","width":"","height":""}],"twitter_card":"summary_large_image","twitter_misc":{"Tiempo de lectura":"9 minutos"},"schema":{"@context":"https:\/\/schema.org","@graph":[{"@type":"WebPage","@id":"https:\/\/www.diocesisciudadrodrigo.org\/blog4\/la-diocesis\/","url":"https:\/\/www.diocesisciudadrodrigo.org\/blog4\/la-diocesis\/","name":"La Di\u00f3cesis - Di\u00f3cesis de Ciudad Rodrigo","isPartOf":{"@id":"https:\/\/www.diocesisciudadrodrigo.org\/blog4\/#website"},"primaryImageOfPage":{"@id":"https:\/\/www.diocesisciudadrodrigo.org\/blog4\/la-diocesis\/#primaryimage"},"image":{"@id":"https:\/\/www.diocesisciudadrodrigo.org\/blog4\/la-diocesis\/#primaryimage"},"thumbnailUrl":"https:\/\/www.diocesisciudadrodrigo.org\/blog4\/wp-content\/uploads\/2019\/04\/mapa_eclesiastico_02.png","datePublished":"2012-11-14T22:05:47+00:00","dateModified":"2021-08-17T08:08:41+00:00","breadcrumb":{"@id":"https:\/\/www.diocesisciudadrodrigo.org\/blog4\/la-diocesis\/#breadcrumb"},"inLanguage":"es","potentialAction":[{"@type":"ReadAction","target":["https:\/\/www.diocesisciudadrodrigo.org\/blog4\/la-diocesis\/"]}]},{"@type":"ImageObject","inLanguage":"es","@id":"https:\/\/www.diocesisciudadrodrigo.org\/blog4\/la-diocesis\/#primaryimage","url":"https:\/\/www.diocesisciudadrodrigo.org\/blog4\/wp-content\/uploads\/2019\/04\/mapa_eclesiastico_02.png","contentUrl":"https:\/\/www.diocesisciudadrodrigo.org\/blog4\/wp-content\/uploads\/2019\/04\/mapa_eclesiastico_02.png"},{"@type":"BreadcrumbList","@id":"https:\/\/www.diocesisciudadrodrigo.org\/blog4\/la-diocesis\/#breadcrumb","itemListElement":[{"@type":"ListItem","position":1,"name":"Portada","item":"https:\/\/www.diocesisciudadrodrigo.org\/blog4\/"},{"@type":"ListItem","position":2,"name":"La Di\u00f3cesis"}]},{"@type":"WebSite","@id":"https:\/\/www.diocesisciudadrodrigo.org\/blog4\/#website","url":"https:\/\/www.diocesisciudadrodrigo.org\/blog4\/","name":"Di\u00f3cesis de Ciudad Rodrigo","description":"Sitio web oficial de la di\u00f3cesis civitatense","publisher":{"@id":"https:\/\/www.diocesisciudadrodrigo.org\/blog4\/#organization"},"potentialAction":[{"@type":"SearchAction","target":{"@type":"EntryPoint","urlTemplate":"https:\/\/www.diocesisciudadrodrigo.org\/blog4\/?s={search_term_string}"},"query-input":{"@type":"PropertyValueSpecification","valueRequired":true,"valueName":"search_term_string"}}],"inLanguage":"es"},{"@type":"Organization","@id":"https:\/\/www.diocesisciudadrodrigo.org\/blog4\/#organization","name":"Di\u00f3cesis de Ciudad Rodrigo","url":"https:\/\/www.diocesisciudadrodrigo.org\/blog4\/","logo":{"@type":"ImageObject","inLanguage":"es","@id":"https:\/\/www.diocesisciudadrodrigo.org\/blog4\/#\/schema\/logo\/image\/","url":"https:\/\/www.diocesisciudadrodrigo.org\/blog4\/wp-content\/uploads\/2024\/12\/Diocesis.CMYK_-768x480-1.jpg","contentUrl":"https:\/\/www.diocesisciudadrodrigo.org\/blog4\/wp-content\/uploads\/2024\/12\/Diocesis.CMYK_-768x480-1.jpg","width":768,"height":480,"caption":"Di\u00f3cesis de Ciudad Rodrigo"},"image":{"@id":"https:\/\/www.diocesisciudadrodrigo.org\/blog4\/#\/schema\/logo\/image\/"},"sameAs":["https:\/\/www.facebook.com\/people\/Dicesis-Ciudad-Rodrigo-MCS\/100076471923419\/#"]}]}},"_links":{"self":[{"href":"https:\/\/www.diocesisciudadrodrigo.org\/blog4\/wp-json\/wp\/v2\/pages\/96","targetHints":{"allow":["GET"]}}],"collection":[{"href":"https:\/\/www.diocesisciudadrodrigo.org\/blog4\/wp-json\/wp\/v2\/pages"}],"about":[{"href":"https:\/\/www.diocesisciudadrodrigo.org\/blog4\/wp-json\/wp\/v2\/types\/page"}],"author":[{"embeddable":true,"href":"https:\/\/www.diocesisciudadrodrigo.org\/blog4\/wp-json\/wp\/v2\/users\/1"}],"replies":[{"embeddable":true,"href":"https:\/\/www.diocesisciudadrodrigo.org\/blog4\/wp-json\/wp\/v2\/comments?post=96"}],"version-history":[{"count":48,"href":"https:\/\/www.diocesisciudadrodrigo.org\/blog4\/wp-json\/wp\/v2\/pages\/96\/revisions"}],"predecessor-version":[{"id":18912,"href":"https:\/\/www.diocesisciudadrodrigo.org\/blog4\/wp-json\/wp\/v2\/pages\/96\/revisions\/18912"}],"wp:attachment":[{"href":"https:\/\/www.diocesisciudadrodrigo.org\/blog4\/wp-json\/wp\/v2\/media?parent=96"}],"curies":[{"name":"wp","href":"https:\/\/api.w.org\/{rel}","templated":true}]}}