{"id":87,"date":"2012-11-14T21:50:23","date_gmt":"2012-11-14T20:50:23","guid":{"rendered":"http:\/\/blog.diocesisciudadrodrigo.org\/?page_id=30"},"modified":"2019-05-07T15:01:57","modified_gmt":"2019-05-07T13:01:57","slug":"pastoral-liturgica","status":"publish","type":"page","link":"https:\/\/www.diocesisciudadrodrigo.org\/blog4\/delegaciones\/pastoral-liturgica\/","title":{"rendered":"Pastoral lit\u00fargica"},"content":{"rendered":"\t\t<div data-elementor-type=\"wp-post\" data-elementor-id=\"87\" class=\"elementor elementor-87\" data-elementor-settings=\"[]\">\n\t\t\t\t\t\t<div class=\"elementor-inner\">\n\t\t\t\t\t\t\t<div class=\"elementor-section-wrap\">\n\t\t\t\t\t\t\t<section class=\"elementor-section elementor-top-section elementor-element elementor-element-5ff76ee elementor-section-boxed elementor-section-height-default elementor-section-height-default\" data-id=\"5ff76ee\" data-element_type=\"section\">\n\t\t\t\t\t\t<div class=\"elementor-container elementor-column-gap-default\">\n\t\t\t\t\t\t\t<div class=\"elementor-row\">\n\t\t\t\t\t<div class=\"elementor-column elementor-col-50 elementor-top-column elementor-element elementor-element-e692d1a\" data-id=\"e692d1a\" data-element_type=\"column\">\n\t\t\t<div class=\"elementor-column-wrap elementor-element-populated\">\n\t\t\t\t\t\t\t<div class=\"elementor-widget-wrap\">\n\t\t\t\t\t\t<div class=\"elementor-element elementor-element-1a0ed6f6 elementor-widget elementor-widget-text-editor\" data-id=\"1a0ed6f6\" data-element_type=\"widget\" data-widget_type=\"text-editor.default\">\n\t\t\t\t<div class=\"elementor-widget-container\">\n\t\t\t\t\t\t\t\t<div class=\"elementor-text-editor elementor-clearfix\">\n\t\t\t\t<p>Corresponde al Obispo, en primer lugar, fomentar la vida lit\u00fargica en la Di\u00f3cesis siendo el \u201cgu\u00eda, promotor y custodio de toda la vida lit\u00fargica\u201d, ya que \u201cdebe ser considerado el gran sacerdote de su grey, de quien deriva y depende en cierto modo la vida en Cristo de sus fieles\u201d. El Concilio Vaticano II, en la Constituci\u00f3n sobre la Sagrada Liturgia (Sacrosanctum Concilium), pidi\u00f3 que cada di\u00f3cesis \u201ccontara con una Comisi\u00f3n de Liturgia sagrada para promover la acci\u00f3n lit\u00fargica bajo la autoridad del Obispo\u201d. El mandato del Concilio ha dado lugar a las llamadas delegaciones diocesanas de pastoral lit\u00fargica.<\/p><p>La Delegaci\u00f3n Diocesana de Liturgia est\u00e1 al servicio de los sacerdotes y de los laicos, teniendo como objetivo \u00faltimo la participaci\u00f3n plena, consciente, activa y fructuosa de todos los fieles en las celebraciones lit\u00fargicas por ser la vida lit\u00fargica la fuente primaria y necesaria donde se alimenta una verdadera vida cristiana.<\/p><p>Corresponde a la delegaci\u00f3n de liturgia:<\/p><ul><li>ofrecer cauces de formaci\u00f3n y atender todas las demandas formativas que se soliciten desde los arciprestazgos, parroquias o grupos.<\/li><li>informar de todo lo relacionado con los libros lit\u00fargicos y de los documentos relacionados con el tema lit\u00fargico que sean publicados.<\/li><li>velar para que se observen las normas lit\u00fargicas de manera creativa y no s\u00f3lo de forma rutinaria y mec\u00e1nica.<\/li><li>responder a todas las dudas que se pudieran plantear.<\/li><\/ul><p>SUGERENCIAS<\/p><p>Desde la p\u00e1gina de inicio puedes acceder:<\/p><ul><li>A las lecturas de la Palabra de Dios de la misa de cada d\u00eda. San Jer\u00f3nimo dec\u00eda que La Biblia \u201ces el instrumento con el que Dios habla cada d\u00eda a los creyentes\u201d y recomendaba leer cada alg\u00fan texto de la misma.<\/li><li>Igualmente se puede entrar a leer el santo de cada d\u00eda<\/li><li>A la hoja diocesana, \u201cIglesia en Ciudad Rodrigo\u201d. De periodicidad quincenal, ofrece un apartado que lleva por t\u00edtulo \u201cRinc\u00f3n Lit\u00fargico\u201d; encomendado al delegado de liturgia desde Enero de 1996, ha venido tratando diferentes temas relacionados con la celebraci\u00f3n.<\/li><\/ul><blockquote><p>Delegado: Vidal Rodr\u00edguez Encinas<\/p><p>D\u00edez Taravilla, 15<\/p><p>37500 CIUDAD RODRIGO<\/p><p>e-mail v.rodriguez@diocesisciudadrodrigo.org<\/p><\/blockquote>\t\t\t\t\t<\/div>\n\t\t\t\t\t\t<\/div>\n\t\t\t\t<\/div>\n\t\t\t\t\t\t<\/div>\n\t\t\t\t\t<\/div>\n\t\t<\/div>\n\t\t\t\t<div class=\"elementor-column elementor-col-50 elementor-top-column elementor-element elementor-element-cd2c8f9\" data-id=\"cd2c8f9\" data-element_type=\"column\">\n\t\t\t<div class=\"elementor-column-wrap elementor-element-populated\">\n\t\t\t\t\t\t\t<div class=\"elementor-widget-wrap\">\n\t\t\t\t\t\t<div class=\"elementor-element elementor-element-6519a21 elementor-widget elementor-widget-image\" data-id=\"6519a21\" data-element_type=\"widget\" data-widget_type=\"image.default\">\n\t\t\t\t<div class=\"elementor-widget-container\">\n\t\t\t\t\t\t\t\t<div class=\"elementor-image\">\n\t\t\t\t\t\t\t\t\t\t\t\t<img loading=\"lazy\" decoding=\"async\" width=\"1024\" height=\"1024\" src=\"https:\/\/www.diocesisciudadrodrigo.org\/blog4\/wp-content\/uploads\/2019\/05\/pas_litur03-1024x1024.png\" class=\"attachment-large size-large\" alt=\"\" srcset=\"https:\/\/www.diocesisciudadrodrigo.org\/blog4\/wp-content\/uploads\/2019\/05\/pas_litur03-1024x1024.png 1024w, https:\/\/www.diocesisciudadrodrigo.org\/blog4\/wp-content\/uploads\/2019\/05\/pas_litur03-150x150.png 150w, https:\/\/www.diocesisciudadrodrigo.org\/blog4\/wp-content\/uploads\/2019\/05\/pas_litur03-300x300.png 300w, https:\/\/www.diocesisciudadrodrigo.org\/blog4\/wp-content\/uploads\/2019\/05\/pas_litur03-768x768.png 768w, https:\/\/www.diocesisciudadrodrigo.org\/blog4\/wp-content\/uploads\/2019\/05\/pas_litur03-350x350.png 350w, https:\/\/www.diocesisciudadrodrigo.org\/blog4\/wp-content\/uploads\/2019\/05\/pas_litur03.png 1080w\" sizes=\"auto, (max-width: 1024px) 100vw, 1024px\" \/>\t\t\t\t\t\t\t\t\t\t\t\t\t\t<\/div>\n\t\t\t\t\t\t<\/div>\n\t\t\t\t<\/div>\n\t\t\t\t<div class=\"elementor-element elementor-element-b46fd76 elementor-widget elementor-widget-image\" data-id=\"b46fd76\" data-element_type=\"widget\" data-widget_type=\"image.default\">\n\t\t\t\t<div class=\"elementor-widget-container\">\n\t\t\t\t\t\t\t\t<div class=\"elementor-image\">\n\t\t\t\t\t\t\t\t\t\t\t\t<img loading=\"lazy\" decoding=\"async\" width=\"1024\" height=\"1024\" src=\"https:\/\/www.diocesisciudadrodrigo.org\/blog4\/wp-content\/uploads\/2019\/05\/pas_litur01-1024x1024.png\" class=\"attachment-large size-large\" alt=\"\" srcset=\"https:\/\/www.diocesisciudadrodrigo.org\/blog4\/wp-content\/uploads\/2019\/05\/pas_litur01-1024x1024.png 1024w, https:\/\/www.diocesisciudadrodrigo.org\/blog4\/wp-content\/uploads\/2019\/05\/pas_litur01-150x150.png 150w, https:\/\/www.diocesisciudadrodrigo.org\/blog4\/wp-content\/uploads\/2019\/05\/pas_litur01-300x300.png 300w, https:\/\/www.diocesisciudadrodrigo.org\/blog4\/wp-content\/uploads\/2019\/05\/pas_litur01-768x768.png 768w, https:\/\/www.diocesisciudadrodrigo.org\/blog4\/wp-content\/uploads\/2019\/05\/pas_litur01-350x350.png 350w, https:\/\/www.diocesisciudadrodrigo.org\/blog4\/wp-content\/uploads\/2019\/05\/pas_litur01.png 1080w\" sizes=\"auto, (max-width: 1024px) 100vw, 1024px\" \/>\t\t\t\t\t\t\t\t\t\t\t\t\t\t<\/div>\n\t\t\t\t\t\t<\/div>\n\t\t\t\t<\/div>\n\t\t\t\t\t\t<\/div>\n\t\t\t\t\t<\/div>\n\t\t<\/div>\n\t\t\t\t\t\t\t\t<\/div>\n\t\t\t\t\t<\/div>\n\t\t<\/section>\n\t\t\t\t\t\t<\/div>\n\t\t\t\t\t\t<\/div>\n\t\t\t\t\t<\/div>\n\t\t","protected":false},"excerpt":{"rendered":"<p>Corresponde al Obispo, en primer lugar, fomentar la vida lit\u00fargica en la Di\u00f3cesis siendo el \u201cgu\u00eda, promotor y custodio de toda la vida lit\u00fargica\u201d, ya que \u201cdebe ser considerado el &#8230; <\/p>\n<p class=\"read-more-container\"><a title=\"Pastoral lit\u00fargica\" class=\"read-more button\" href=\"https:\/\/www.diocesisciudadrodrigo.org\/blog4\/delegaciones\/pastoral-liturgica\/#more-87\" aria-label=\"M\u00e1s en Pastoral lit\u00fargica\">Leer m\u00e1s &#8230;<\/a><\/p>\n","protected":false},"author":1,"featured_media":0,"parent":7927,"menu_order":13,"comment_status":"closed","ping_status":"closed","template":"","meta":{"footnotes":""},"class_list":["post-87","page","type-page","status-publish"],"yoast_head":"<!-- This site is optimized with the Yoast SEO plugin v27.3 - https:\/\/yoast.com\/product\/yoast-seo-wordpress\/ -->\n<title>Pastoral lit\u00fargica - Di\u00f3cesis de Ciudad Rodrigo<\/title>\n<meta name=\"robots\" content=\"index, follow, max-snippet:-1, max-image-preview:large, max-video-preview:-1\" \/>\n<link rel=\"canonical\" href=\"https:\/\/www.diocesisciudadrodrigo.org\/blog4\/delegaciones\/pastoral-liturgica\/\" \/>\n<meta property=\"og:locale\" content=\"es_ES\" \/>\n<meta property=\"og:type\" content=\"article\" \/>\n<meta property=\"og:title\" content=\"Pastoral lit\u00fargica - Di\u00f3cesis de Ciudad Rodrigo\" \/>\n<meta property=\"og:description\" content=\"Corresponde al Obispo, en primer lugar, fomentar la vida lit\u00fargica en la Di\u00f3cesis siendo el \u201cgu\u00eda, promotor y custodio de toda la vida lit\u00fargica\u201d, ya que \u201cdebe ser considerado el ... Leer m\u00e1s ...\" \/>\n<meta property=\"og:url\" content=\"https:\/\/www.diocesisciudadrodrigo.org\/blog4\/delegaciones\/pastoral-liturgica\/\" \/>\n<meta property=\"og:site_name\" content=\"Di\u00f3cesis de Ciudad Rodrigo\" \/>\n<meta property=\"article:publisher\" content=\"https:\/\/www.facebook.com\/people\/Dicesis-Ciudad-Rodrigo-MCS\/100076471923419\/#\" \/>\n<meta property=\"article:modified_time\" content=\"2019-05-07T13:01:57+00:00\" \/>\n<meta property=\"og:image\" content=\"http:\/\/www.diocesisciudadrodrigo.org\/blog4\/wp-content\/uploads\/2019\/05\/pas_litur03-1024x1024.png\" \/>\n<meta name=\"twitter:card\" content=\"summary_large_image\" \/>\n<meta name=\"twitter:label1\" content=\"Tiempo de lectura\" \/>\n\t<meta name=\"twitter:data1\" content=\"2 minutos\" \/>\n<script type=\"application\/ld+json\" class=\"yoast-schema-graph\">{\"@context\":\"https:\\\/\\\/schema.org\",\"@graph\":[{\"@type\":\"WebPage\",\"@id\":\"https:\\\/\\\/www.diocesisciudadrodrigo.org\\\/blog4\\\/delegaciones\\\/pastoral-liturgica\\\/\",\"url\":\"https:\\\/\\\/www.diocesisciudadrodrigo.org\\\/blog4\\\/delegaciones\\\/pastoral-liturgica\\\/\",\"name\":\"Pastoral lit\u00fargica - Di\u00f3cesis de Ciudad Rodrigo\",\"isPartOf\":{\"@id\":\"https:\\\/\\\/www.diocesisciudadrodrigo.org\\\/blog4\\\/#website\"},\"primaryImageOfPage\":{\"@id\":\"https:\\\/\\\/www.diocesisciudadrodrigo.org\\\/blog4\\\/delegaciones\\\/pastoral-liturgica\\\/#primaryimage\"},\"image\":{\"@id\":\"https:\\\/\\\/www.diocesisciudadrodrigo.org\\\/blog4\\\/delegaciones\\\/pastoral-liturgica\\\/#primaryimage\"},\"thumbnailUrl\":\"http:\\\/\\\/www.diocesisciudadrodrigo.org\\\/blog4\\\/wp-content\\\/uploads\\\/2019\\\/05\\\/pas_litur03-1024x1024.png\",\"datePublished\":\"2012-11-14T20:50:23+00:00\",\"dateModified\":\"2019-05-07T13:01:57+00:00\",\"breadcrumb\":{\"@id\":\"https:\\\/\\\/www.diocesisciudadrodrigo.org\\\/blog4\\\/delegaciones\\\/pastoral-liturgica\\\/#breadcrumb\"},\"inLanguage\":\"es\",\"potentialAction\":[{\"@type\":\"ReadAction\",\"target\":[\"https:\\\/\\\/www.diocesisciudadrodrigo.org\\\/blog4\\\/delegaciones\\\/pastoral-liturgica\\\/\"]}]},{\"@type\":\"ImageObject\",\"inLanguage\":\"es\",\"@id\":\"https:\\\/\\\/www.diocesisciudadrodrigo.org\\\/blog4\\\/delegaciones\\\/pastoral-liturgica\\\/#primaryimage\",\"url\":\"http:\\\/\\\/www.diocesisciudadrodrigo.org\\\/blog4\\\/wp-content\\\/uploads\\\/2019\\\/05\\\/pas_litur03-1024x1024.png\",\"contentUrl\":\"http:\\\/\\\/www.diocesisciudadrodrigo.org\\\/blog4\\\/wp-content\\\/uploads\\\/2019\\\/05\\\/pas_litur03-1024x1024.png\"},{\"@type\":\"BreadcrumbList\",\"@id\":\"https:\\\/\\\/www.diocesisciudadrodrigo.org\\\/blog4\\\/delegaciones\\\/pastoral-liturgica\\\/#breadcrumb\",\"itemListElement\":[{\"@type\":\"ListItem\",\"position\":1,\"name\":\"Portada\",\"item\":\"https:\\\/\\\/www.diocesisciudadrodrigo.org\\\/blog4\\\/\"},{\"@type\":\"ListItem\",\"position\":2,\"name\":\"Delegaciones\",\"item\":\"https:\\\/\\\/www.diocesisciudadrodrigo.org\\\/blog4\\\/delegaciones\\\/\"},{\"@type\":\"ListItem\",\"position\":3,\"name\":\"Pastoral lit\u00fargica\"}]},{\"@type\":\"WebSite\",\"@id\":\"https:\\\/\\\/www.diocesisciudadrodrigo.org\\\/blog4\\\/#website\",\"url\":\"https:\\\/\\\/www.diocesisciudadrodrigo.org\\\/blog4\\\/\",\"name\":\"Di\u00f3cesis de Ciudad Rodrigo\",\"description\":\"Sitio web oficial de la di\u00f3cesis civitatense\",\"publisher\":{\"@id\":\"https:\\\/\\\/www.diocesisciudadrodrigo.org\\\/blog4\\\/#organization\"},\"potentialAction\":[{\"@type\":\"SearchAction\",\"target\":{\"@type\":\"EntryPoint\",\"urlTemplate\":\"https:\\\/\\\/www.diocesisciudadrodrigo.org\\\/blog4\\\/?s={search_term_string}\"},\"query-input\":{\"@type\":\"PropertyValueSpecification\",\"valueRequired\":true,\"valueName\":\"search_term_string\"}}],\"inLanguage\":\"es\"},{\"@type\":\"Organization\",\"@id\":\"https:\\\/\\\/www.diocesisciudadrodrigo.org\\\/blog4\\\/#organization\",\"name\":\"Di\u00f3cesis de Ciudad Rodrigo\",\"url\":\"https:\\\/\\\/www.diocesisciudadrodrigo.org\\\/blog4\\\/\",\"logo\":{\"@type\":\"ImageObject\",\"inLanguage\":\"es\",\"@id\":\"https:\\\/\\\/www.diocesisciudadrodrigo.org\\\/blog4\\\/#\\\/schema\\\/logo\\\/image\\\/\",\"url\":\"https:\\\/\\\/www.diocesisciudadrodrigo.org\\\/blog4\\\/wp-content\\\/uploads\\\/2024\\\/12\\\/Diocesis.CMYK_-768x480-1.jpg\",\"contentUrl\":\"https:\\\/\\\/www.diocesisciudadrodrigo.org\\\/blog4\\\/wp-content\\\/uploads\\\/2024\\\/12\\\/Diocesis.CMYK_-768x480-1.jpg\",\"width\":768,\"height\":480,\"caption\":\"Di\u00f3cesis de Ciudad Rodrigo\"},\"image\":{\"@id\":\"https:\\\/\\\/www.diocesisciudadrodrigo.org\\\/blog4\\\/#\\\/schema\\\/logo\\\/image\\\/\"},\"sameAs\":[\"https:\\\/\\\/www.facebook.com\\\/people\\\/Dicesis-Ciudad-Rodrigo-MCS\\\/100076471923419\\\/#\"]}]}<\/script>\n<!-- \/ Yoast SEO plugin. -->","yoast_head_json":{"title":"Pastoral lit\u00fargica - Di\u00f3cesis de Ciudad Rodrigo","robots":{"index":"index","follow":"follow","max-snippet":"max-snippet:-1","max-image-preview":"max-image-preview:large","max-video-preview":"max-video-preview:-1"},"canonical":"https:\/\/www.diocesisciudadrodrigo.org\/blog4\/delegaciones\/pastoral-liturgica\/","og_locale":"es_ES","og_type":"article","og_title":"Pastoral lit\u00fargica - Di\u00f3cesis de Ciudad Rodrigo","og_description":"Corresponde al Obispo, en primer lugar, fomentar la vida lit\u00fargica en la Di\u00f3cesis siendo el \u201cgu\u00eda, promotor y custodio de toda la vida lit\u00fargica\u201d, ya que \u201cdebe ser considerado el ... Leer m\u00e1s ...","og_url":"https:\/\/www.diocesisciudadrodrigo.org\/blog4\/delegaciones\/pastoral-liturgica\/","og_site_name":"Di\u00f3cesis de Ciudad Rodrigo","article_publisher":"https:\/\/www.facebook.com\/people\/Dicesis-Ciudad-Rodrigo-MCS\/100076471923419\/#","article_modified_time":"2019-05-07T13:01:57+00:00","og_image":[{"url":"http:\/\/www.diocesisciudadrodrigo.org\/blog4\/wp-content\/uploads\/2019\/05\/pas_litur03-1024x1024.png","type":"","width":"","height":""}],"twitter_card":"summary_large_image","twitter_misc":{"Tiempo de lectura":"2 minutos"},"schema":{"@context":"https:\/\/schema.org","@graph":[{"@type":"WebPage","@id":"https:\/\/www.diocesisciudadrodrigo.org\/blog4\/delegaciones\/pastoral-liturgica\/","url":"https:\/\/www.diocesisciudadrodrigo.org\/blog4\/delegaciones\/pastoral-liturgica\/","name":"Pastoral lit\u00fargica - Di\u00f3cesis de Ciudad Rodrigo","isPartOf":{"@id":"https:\/\/www.diocesisciudadrodrigo.org\/blog4\/#website"},"primaryImageOfPage":{"@id":"https:\/\/www.diocesisciudadrodrigo.org\/blog4\/delegaciones\/pastoral-liturgica\/#primaryimage"},"image":{"@id":"https:\/\/www.diocesisciudadrodrigo.org\/blog4\/delegaciones\/pastoral-liturgica\/#primaryimage"},"thumbnailUrl":"http:\/\/www.diocesisciudadrodrigo.org\/blog4\/wp-content\/uploads\/2019\/05\/pas_litur03-1024x1024.png","datePublished":"2012-11-14T20:50:23+00:00","dateModified":"2019-05-07T13:01:57+00:00","breadcrumb":{"@id":"https:\/\/www.diocesisciudadrodrigo.org\/blog4\/delegaciones\/pastoral-liturgica\/#breadcrumb"},"inLanguage":"es","potentialAction":[{"@type":"ReadAction","target":["https:\/\/www.diocesisciudadrodrigo.org\/blog4\/delegaciones\/pastoral-liturgica\/"]}]},{"@type":"ImageObject","inLanguage":"es","@id":"https:\/\/www.diocesisciudadrodrigo.org\/blog4\/delegaciones\/pastoral-liturgica\/#primaryimage","url":"http:\/\/www.diocesisciudadrodrigo.org\/blog4\/wp-content\/uploads\/2019\/05\/pas_litur03-1024x1024.png","contentUrl":"http:\/\/www.diocesisciudadrodrigo.org\/blog4\/wp-content\/uploads\/2019\/05\/pas_litur03-1024x1024.png"},{"@type":"BreadcrumbList","@id":"https:\/\/www.diocesisciudadrodrigo.org\/blog4\/delegaciones\/pastoral-liturgica\/#breadcrumb","itemListElement":[{"@type":"ListItem","position":1,"name":"Portada","item":"https:\/\/www.diocesisciudadrodrigo.org\/blog4\/"},{"@type":"ListItem","position":2,"name":"Delegaciones","item":"https:\/\/www.diocesisciudadrodrigo.org\/blog4\/delegaciones\/"},{"@type":"ListItem","position":3,"name":"Pastoral lit\u00fargica"}]},{"@type":"WebSite","@id":"https:\/\/www.diocesisciudadrodrigo.org\/blog4\/#website","url":"https:\/\/www.diocesisciudadrodrigo.org\/blog4\/","name":"Di\u00f3cesis de Ciudad Rodrigo","description":"Sitio web oficial de la di\u00f3cesis civitatense","publisher":{"@id":"https:\/\/www.diocesisciudadrodrigo.org\/blog4\/#organization"},"potentialAction":[{"@type":"SearchAction","target":{"@type":"EntryPoint","urlTemplate":"https:\/\/www.diocesisciudadrodrigo.org\/blog4\/?s={search_term_string}"},"query-input":{"@type":"PropertyValueSpecification","valueRequired":true,"valueName":"search_term_string"}}],"inLanguage":"es"},{"@type":"Organization","@id":"https:\/\/www.diocesisciudadrodrigo.org\/blog4\/#organization","name":"Di\u00f3cesis de Ciudad Rodrigo","url":"https:\/\/www.diocesisciudadrodrigo.org\/blog4\/","logo":{"@type":"ImageObject","inLanguage":"es","@id":"https:\/\/www.diocesisciudadrodrigo.org\/blog4\/#\/schema\/logo\/image\/","url":"https:\/\/www.diocesisciudadrodrigo.org\/blog4\/wp-content\/uploads\/2024\/12\/Diocesis.CMYK_-768x480-1.jpg","contentUrl":"https:\/\/www.diocesisciudadrodrigo.org\/blog4\/wp-content\/uploads\/2024\/12\/Diocesis.CMYK_-768x480-1.jpg","width":768,"height":480,"caption":"Di\u00f3cesis de Ciudad Rodrigo"},"image":{"@id":"https:\/\/www.diocesisciudadrodrigo.org\/blog4\/#\/schema\/logo\/image\/"},"sameAs":["https:\/\/www.facebook.com\/people\/Dicesis-Ciudad-Rodrigo-MCS\/100076471923419\/#"]}]}},"_links":{"self":[{"href":"https:\/\/www.diocesisciudadrodrigo.org\/blog4\/wp-json\/wp\/v2\/pages\/87","targetHints":{"allow":["GET"]}}],"collection":[{"href":"https:\/\/www.diocesisciudadrodrigo.org\/blog4\/wp-json\/wp\/v2\/pages"}],"about":[{"href":"https:\/\/www.diocesisciudadrodrigo.org\/blog4\/wp-json\/wp\/v2\/types\/page"}],"author":[{"embeddable":true,"href":"https:\/\/www.diocesisciudadrodrigo.org\/blog4\/wp-json\/wp\/v2\/users\/1"}],"replies":[{"embeddable":true,"href":"https:\/\/www.diocesisciudadrodrigo.org\/blog4\/wp-json\/wp\/v2\/comments?post=87"}],"version-history":[{"count":4,"href":"https:\/\/www.diocesisciudadrodrigo.org\/blog4\/wp-json\/wp\/v2\/pages\/87\/revisions"}],"predecessor-version":[{"id":9596,"href":"https:\/\/www.diocesisciudadrodrigo.org\/blog4\/wp-json\/wp\/v2\/pages\/87\/revisions\/9596"}],"up":[{"embeddable":true,"href":"https:\/\/www.diocesisciudadrodrigo.org\/blog4\/wp-json\/wp\/v2\/pages\/7927"}],"wp:attachment":[{"href":"https:\/\/www.diocesisciudadrodrigo.org\/blog4\/wp-json\/wp\/v2\/media?parent=87"}],"curies":[{"name":"wp","href":"https:\/\/api.w.org\/{rel}","templated":true}]}}