{"id":1046,"date":"2012-11-29T18:27:07","date_gmt":"2012-11-29T18:27:07","guid":{"rendered":"http:\/\/www.diocesisciudadrodrigo.org\/blog3\/?page_id=1046"},"modified":"2025-03-04T14:18:55","modified_gmt":"2025-03-04T13:18:55","slug":"obispo","status":"publish","type":"page","link":"https:\/\/www.diocesisciudadrodrigo.org\/blog4\/obispo\/","title":{"rendered":"Obispo"},"content":{"rendered":"\t\t<div data-elementor-type=\"wp-post\" data-elementor-id=\"1046\" class=\"elementor elementor-1046\" data-elementor-settings=\"[]\">\n\t\t\t\t\t\t<div class=\"elementor-inner\">\n\t\t\t\t\t\t\t<div class=\"elementor-section-wrap\">\n\t\t\t\t\t\t\t<section class=\"elementor-section elementor-top-section elementor-element elementor-element-7fdc4a29 elementor-section-boxed elementor-section-height-default elementor-section-height-default\" data-id=\"7fdc4a29\" data-element_type=\"section\">\n\t\t\t\t\t\t<div class=\"elementor-container elementor-column-gap-default\">\n\t\t\t\t\t\t\t<div class=\"elementor-row\">\n\t\t\t\t\t<div class=\"elementor-column elementor-col-100 elementor-top-column elementor-element elementor-element-12a78d97\" data-id=\"12a78d97\" data-element_type=\"column\">\n\t\t\t<div class=\"elementor-column-wrap elementor-element-populated\">\n\t\t\t\t\t\t\t<div class=\"elementor-widget-wrap\">\n\t\t\t\t\t\t<div class=\"elementor-element elementor-element-10fbb8a elementor-widget elementor-widget-heading\" data-id=\"10fbb8a\" data-element_type=\"widget\" data-widget_type=\"heading.default\">\n\t\t\t\t<div class=\"elementor-widget-container\">\n\t\t\t<h2 class=\"elementor-heading-title elementor-size-default\">Excmo. y Rvdmo. Sr. D.&nbsp;Jos\u00e9 Luis Retana Gozalo<\/h2>\t\t<\/div>\n\t\t\t\t<\/div>\n\t\t\t\t<section class=\"elementor-section elementor-inner-section elementor-element elementor-element-c4a5a5b elementor-section-boxed elementor-section-height-default elementor-section-height-default\" data-id=\"c4a5a5b\" data-element_type=\"section\">\n\t\t\t\t\t\t<div class=\"elementor-container elementor-column-gap-default\">\n\t\t\t\t\t\t\t<div class=\"elementor-row\">\n\t\t\t\t\t<div class=\"elementor-column elementor-col-50 elementor-inner-column elementor-element elementor-element-b7a0f7d\" data-id=\"b7a0f7d\" data-element_type=\"column\">\n\t\t\t<div class=\"elementor-column-wrap elementor-element-populated\">\n\t\t\t\t\t\t\t<div class=\"elementor-widget-wrap\">\n\t\t\t\t\t\t<div class=\"elementor-element elementor-element-4d71054 elementor-widget elementor-widget-image\" data-id=\"4d71054\" data-element_type=\"widget\" data-widget_type=\"image.default\">\n\t\t\t\t<div class=\"elementor-widget-container\">\n\t\t\t\t\t\t\t\t<div class=\"elementor-image\">\n\t\t\t\t\t\t\t\t\t\t\t\t\t<a href=\"https:\/\/www.diocesisciudadrodrigo.org\/blog4\/wp-content\/uploads\/2022\/01\/foto-jose-vicente-17-scaled.jpg\">\n\t\t\t\t\t\t\t<img loading=\"lazy\" decoding=\"async\" width=\"2560\" height=\"1927\" src=\"https:\/\/www.diocesisciudadrodrigo.org\/blog4\/wp-content\/uploads\/2022\/01\/foto-jose-vicente-17-scaled.jpg\" class=\"attachment-full size-full\" alt=\"\" srcset=\"https:\/\/www.diocesisciudadrodrigo.org\/blog4\/wp-content\/uploads\/2022\/01\/foto-jose-vicente-17-scaled.jpg 2560w, https:\/\/www.diocesisciudadrodrigo.org\/blog4\/wp-content\/uploads\/2022\/01\/foto-jose-vicente-17-300x226.jpg 300w, https:\/\/www.diocesisciudadrodrigo.org\/blog4\/wp-content\/uploads\/2022\/01\/foto-jose-vicente-17-1024x771.jpg 1024w, https:\/\/www.diocesisciudadrodrigo.org\/blog4\/wp-content\/uploads\/2022\/01\/foto-jose-vicente-17-768x578.jpg 768w, https:\/\/www.diocesisciudadrodrigo.org\/blog4\/wp-content\/uploads\/2022\/01\/foto-jose-vicente-17-1536x1156.jpg 1536w, https:\/\/www.diocesisciudadrodrigo.org\/blog4\/wp-content\/uploads\/2022\/01\/foto-jose-vicente-17-2048x1541.jpg 2048w, https:\/\/www.diocesisciudadrodrigo.org\/blog4\/wp-content\/uploads\/2022\/01\/foto-jose-vicente-17-350x263.jpg 350w\" sizes=\"auto, (max-width: 2560px) 100vw, 2560px\" \/>\t\t\t\t\t\t\t\t<\/a>\n\t\t\t\t\t\t\t\t\t\t\t\t\t\t<\/div>\n\t\t\t\t\t\t<\/div>\n\t\t\t\t<\/div>\n\t\t\t\t<div class=\"elementor-element elementor-element-9f9f4cc elementor-widget elementor-widget-text-editor\" data-id=\"9f9f4cc\" data-element_type=\"widget\" data-widget_type=\"text-editor.default\">\n\t\t\t\t<div class=\"elementor-widget-container\">\n\t\t\t\t\t\t\t\t<div class=\"elementor-text-editor elementor-clearfix\">\n\t\t\t\t<p>Jos\u00e9 Luis Retana Gozalo, hijo de Cruz e Isidoro, nace en Pedro Bernardo (\u00c1vila) el 12 de marzo de 1953. Cursa sus estudios de Ense\u00f1anza Media en el Seminario Menor de San Jos\u00e9 de Arenas de San Pedro (1964- 68) y de \u00c1vila (1968-71). El curso 1971-72 ingresa en el Teologado de \u00c1vila que la di\u00f3cesis tiene abierto en Salamanca para realizar los estudios de Teolog\u00eda en la Universidad Pontificia de Salamanca (1971-76), donde obtiene el graduado en Bachiller de Teolog\u00eda el a\u00f1o 1976. Posteriormente marcha a Friburgo (Suiza); all\u00ed prepara sus estudios de licenciatura (1976-78), defendiendo el trabajo de Licenciatura en Teolog\u00eda en la Universidad Pontificia de Salamanca el a\u00f1o 1979, dirigida por D. Ricardo Bl\u00e1zquez. Es ordenado sacerdote el d\u00eda 29 de septiembre de 1979 en Pedro Bernardo, por el entonces Obispo de \u00c1vila, don Felipe Fern\u00e1ndez Garc\u00eda.<\/p><ul><li>Desde su ordenaci\u00f3n es miembro del Equipo de Formadores del Colegio Diocesano \u201cAsunci\u00f3n de Nuestra Se\u00f1ora\u201d (1979-1993).<\/li><li>Atenci\u00f3n pastoral a las parroquias rurales de Albornos, Mu\u00f1omer del Peco y Narros de Saldue\u00f1a (1980-83) y de Aldeaseca, Villanueva del Aceral, Tornadizos de Ar\u00e9valo y Donvidas (2007-2012).<\/li><li>Coordinador General de Formaci\u00f3n del Colegio Diocesano \u201cAsunci\u00f3n de Nuestra Se\u00f1ora\u201d (1990-1993).<\/li><li>Rector del Seminario diocesano de \u00c1vila (1993-1999 y 2003-2012).<\/li><li>Vicario Episcopal para las Relaciones con las Instituciones (12\/1997- 9\/2006).<\/li><li>Vicario parroquial de la Parroquia del Inmaculado Coraz\u00f3n de Mar\u00eda (9\/1999- 2003).<\/li><li>Miembro del Colegio de Consultores de la di\u00f3cesis de \u00c1vila (7\/1998).<\/li><li>Can\u00f3nigo de la S.A.I. Catedral del Salvador de \u00c1vila en condici\u00f3n de Adjunto a la Direcci\u00f3n de Patrimonio (3\/2002).<\/li><li>De\u00e1n de la Catedral del Salvador de \u00c1vila.<\/li><li>Asistente Eclesi\u00e1stico de la Fraternidad de Comuni\u00f3n y Liberaci\u00f3n en \u00c1vila (6\/2002).<\/li><li>Director del Centro de Educaci\u00f3n Especial \u201cSanta Teresa\u201d, de Martiherrero (11\/2002-9\/2003 y 12\/2003).<\/li><li>P\u00e1rroco de la parroquia San Pedro Bautista de \u00c1vila. (1\/9\/2012- 24\/6\/2017).<\/li><li>Arcipreste del Arciprestazgo de la ciudad de \u00c1vila.<\/li><li>Obispo de la di\u00f3cesis de Plasencia desde 24 de junio de 2017, fiesta de san Juan Bautista. Durante este tiempo ha formado parte de la Comisi\u00f3n de Ense\u00f1anza en la Conferencia Episcopal Espa\u00f1ola.<\/li><\/ul><p>El 15 de noviembre de 2021 fue nombrado obispo de las Di\u00f3cesis de Ciudad Rodrigo y Salamanca, realiz\u00e1ndose la toma de posesi\u00f3n en la Catedral de Santa Mar\u00eda, en Ciudad Rodrigo, el s\u00e1bado 8 de enero de 2022.\u00a0<\/p><p>El obispo de Ciudad Rodrigo percibe una retribuci\u00f3n mensual de 1.400 euros. <\/p>\t\t\t\t\t<\/div>\n\t\t\t\t\t\t<\/div>\n\t\t\t\t<\/div>\n\t\t\t\t\t\t<\/div>\n\t\t\t\t\t<\/div>\n\t\t<\/div>\n\t\t\t\t<div class=\"elementor-column elementor-col-50 elementor-inner-column elementor-element elementor-element-4ec06a7\" data-id=\"4ec06a7\" data-element_type=\"column\" data-settings=\"{&quot;background_background&quot;:&quot;classic&quot;}\">\n\t\t\t<div class=\"elementor-column-wrap elementor-element-populated\">\n\t\t\t\t\t\t\t<div class=\"elementor-widget-wrap\">\n\t\t\t\t\t\t<div class=\"elementor-element elementor-element-134314f elementor-widget elementor-widget-image\" data-id=\"134314f\" data-element_type=\"widget\" data-widget_type=\"image.default\">\n\t\t\t\t<div class=\"elementor-widget-container\">\n\t\t\t\t\t\t\t\t<div class=\"elementor-image\">\n\t\t\t\t\t\t\t\t\t\t\t\t<img loading=\"lazy\" decoding=\"async\" width=\"1024\" height=\"768\" src=\"https:\/\/www.diocesisciudadrodrigo.org\/blog4\/wp-content\/uploads\/2019\/08\/IMG-3822-1024x768.jpg\" class=\"attachment-large size-large\" alt=\"\" srcset=\"https:\/\/www.diocesisciudadrodrigo.org\/blog4\/wp-content\/uploads\/2019\/08\/IMG-3822-1024x768.jpg 1024w, https:\/\/www.diocesisciudadrodrigo.org\/blog4\/wp-content\/uploads\/2019\/08\/IMG-3822-300x225.jpg 300w, https:\/\/www.diocesisciudadrodrigo.org\/blog4\/wp-content\/uploads\/2019\/08\/IMG-3822-768x576.jpg 768w, https:\/\/www.diocesisciudadrodrigo.org\/blog4\/wp-content\/uploads\/2019\/08\/IMG-3822-350x263.jpg 350w\" sizes=\"auto, (max-width: 1024px) 100vw, 1024px\" \/>\t\t\t\t\t\t\t\t\t\t\t\t\t\t<\/div>\n\t\t\t\t\t\t<\/div>\n\t\t\t\t<\/div>\n\t\t\t\t<div class=\"elementor-element elementor-element-57e8e0c elementor-widget elementor-widget-text-editor\" data-id=\"57e8e0c\" data-element_type=\"widget\" data-widget_type=\"text-editor.default\">\n\t\t\t\t<div class=\"elementor-widget-container\">\n\t\t\t\t\t\t\t\t<div class=\"elementor-text-editor elementor-clearfix\">\n\t\t\t\t<center><\/center><center><strong>Residencia episcopal <br \/>en Ciudad Rodrigo:<\/strong><br \/><strong>D\u00edez Taravilla, 15<\/strong><br \/><strong>37500 CIUDAD RODRIGO <br \/>(Salamanca)<\/strong><br \/><strong>Tel\u00e9fono: 923 46 04 44<\/strong><\/center><center><strong>Email: obispo@diocesisciudadrodrigo.org<\/strong><\/center>\t\t\t\t\t<\/div>\n\t\t\t\t\t\t<\/div>\n\t\t\t\t<\/div>\n\t\t\t\t\t\t<\/div>\n\t\t\t\t\t<\/div>\n\t\t<\/div>\n\t\t\t\t\t\t\t\t<\/div>\n\t\t\t\t\t<\/div>\n\t\t<\/section>\n\t\t\t\t\t\t<\/div>\n\t\t\t\t\t<\/div>\n\t\t<\/div>\n\t\t\t\t\t\t\t\t<\/div>\n\t\t\t\t\t<\/div>\n\t\t<\/section>\n\t\t\t\t<section class=\"elementor-section elementor-top-section elementor-element elementor-element-d85d494 elementor-section-boxed elementor-section-height-default elementor-section-height-default\" data-id=\"d85d494\" data-element_type=\"section\">\n\t\t\t\t\t\t<div class=\"elementor-container elementor-column-gap-default\">\n\t\t\t\t\t\t\t<div class=\"elementor-row\">\n\t\t\t\t\t<div class=\"elementor-column elementor-col-100 elementor-top-column elementor-element elementor-element-b331911\" data-id=\"b331911\" data-element_type=\"column\">\n\t\t\t<div class=\"elementor-column-wrap elementor-element-populated\">\n\t\t\t\t\t\t\t<div class=\"elementor-widget-wrap\">\n\t\t\t\t\t\t<div class=\"elementor-element elementor-element-766a0b6 elementor-widget-divider--view-line elementor-widget elementor-widget-divider\" data-id=\"766a0b6\" data-element_type=\"widget\" data-widget_type=\"divider.default\">\n\t\t\t\t<div class=\"elementor-widget-container\">\n\t\t\t\t\t<div class=\"elementor-divider\">\n\t\t\t<span class=\"elementor-divider-separator\">\n\t\t\t\t\t\t<\/span>\n\t\t<\/div>\n\t\t\t\t<\/div>\n\t\t\t\t<\/div>\n\t\t\t\t\t\t<\/div>\n\t\t\t\t\t<\/div>\n\t\t<\/div>\n\t\t\t\t\t\t\t\t<\/div>\n\t\t\t\t\t<\/div>\n\t\t<\/section>\n\t\t\t\t<section class=\"elementor-section elementor-top-section elementor-element elementor-element-8f779b3 elementor-section-boxed elementor-section-height-default elementor-section-height-default\" data-id=\"8f779b3\" data-element_type=\"section\">\n\t\t\t\t\t\t<div class=\"elementor-container elementor-column-gap-default\">\n\t\t\t\t\t\t\t<div class=\"elementor-row\">\n\t\t\t\t\t<div class=\"elementor-column elementor-col-100 elementor-top-column elementor-element elementor-element-e043967\" data-id=\"e043967\" data-element_type=\"column\">\n\t\t\t<div class=\"elementor-column-wrap elementor-element-populated\">\n\t\t\t\t\t\t\t<div class=\"elementor-widget-wrap\">\n\t\t\t\t\t\t<div class=\"elementor-element elementor-element-9f68f38 elementor-widget elementor-widget-heading\" data-id=\"9f68f38\" data-element_type=\"widget\" data-widget_type=\"heading.default\">\n\t\t\t\t<div class=\"elementor-widget-container\">\n\t\t\t<h2 class=\"elementor-heading-title elementor-size-default\">Lema y Escudo Episcopal<\/h2>\t\t<\/div>\n\t\t\t\t<\/div>\n\t\t\t\t\t\t<\/div>\n\t\t\t\t\t<\/div>\n\t\t<\/div>\n\t\t\t\t\t\t\t\t<\/div>\n\t\t\t\t\t<\/div>\n\t\t<\/section>\n\t\t\t\t<section class=\"elementor-section elementor-top-section elementor-element elementor-element-aa97b70 elementor-section-boxed elementor-section-height-default elementor-section-height-default\" data-id=\"aa97b70\" data-element_type=\"section\">\n\t\t\t\t\t\t<div class=\"elementor-container elementor-column-gap-default\">\n\t\t\t\t\t\t\t<div class=\"elementor-row\">\n\t\t\t\t\t<div class=\"elementor-column elementor-col-50 elementor-top-column elementor-element elementor-element-41f1db2\" data-id=\"41f1db2\" data-element_type=\"column\">\n\t\t\t<div class=\"elementor-column-wrap elementor-element-populated\">\n\t\t\t\t\t\t\t<div class=\"elementor-widget-wrap\">\n\t\t\t\t\t\t<div class=\"elementor-element elementor-element-b7a91a3 elementor-widget elementor-widget-image\" data-id=\"b7a91a3\" data-element_type=\"widget\" data-widget_type=\"image.default\">\n\t\t\t\t<div class=\"elementor-widget-container\">\n\t\t\t\t\t\t\t\t<div class=\"elementor-image\">\n\t\t\t\t\t\t\t\t\t\t\t\t<img loading=\"lazy\" decoding=\"async\" width=\"392\" height=\"440\" src=\"https:\/\/www.diocesisciudadrodrigo.org\/blog4\/wp-content\/uploads\/2021\/11\/escudo-obispo-Jose-Luis-Retana-fiat-et-fecit_00.png\" class=\"attachment-large size-large\" alt=\"\" srcset=\"https:\/\/www.diocesisciudadrodrigo.org\/blog4\/wp-content\/uploads\/2021\/11\/escudo-obispo-Jose-Luis-Retana-fiat-et-fecit_00.png 392w, https:\/\/www.diocesisciudadrodrigo.org\/blog4\/wp-content\/uploads\/2021\/11\/escudo-obispo-Jose-Luis-Retana-fiat-et-fecit_00-267x300.png 267w, https:\/\/www.diocesisciudadrodrigo.org\/blog4\/wp-content\/uploads\/2021\/11\/escudo-obispo-Jose-Luis-Retana-fiat-et-fecit_00-350x393.png 350w\" sizes=\"auto, (max-width: 392px) 100vw, 392px\" \/>\t\t\t\t\t\t\t\t\t\t\t\t\t\t<\/div>\n\t\t\t\t\t\t<\/div>\n\t\t\t\t<\/div>\n\t\t\t\t<div class=\"elementor-element elementor-element-586f1ae elementor-widget elementor-widget-text-editor\" data-id=\"586f1ae\" data-element_type=\"widget\" data-widget_type=\"text-editor.default\">\n\t\t\t\t<div class=\"elementor-widget-container\">\n\t\t\t\t\t\t\t\t<div class=\"elementor-text-editor elementor-clearfix\">\n\t\t\t\t<p><br \/><strong>Lema<\/strong><\/p><p>En el Lema he intentado unir la respuesta de Mar\u00eda y la de Jos\u00e9 al anuncio del \u00e1ngel en una sola expresi\u00f3n: \u201cFIAT ET FECIT\u201d. En este lema se unen la palabra de respuesta de la Virgen (\u201cfiat\u201d, h\u00e1gase, dejando a Dios<br \/>hacer en ella: cf. Lc 1,38) y la respuesta activa de Jos\u00e9 actuando en silencio lo encomendado (\u201cfecit\u201d, hizo, cf. Mt 1,24), as\u00ed se muestran las dos caras de un mismo S\u00cd que hace posible que el Verbo tome carne en el mundo: el S\u00ed que deja hacer a Dios primero y, por ello, se pone manos a la obra en silencio, como Jos\u00e9. Adem\u00e1s, detr\u00e1s de estas palabras \u201cfiat et fecit\u201d est\u00e1n los primeros vers\u00edculos del G\u00e9nesis: \u201cdijo Dios: que sea (fiat lux) [\u2026] e hizo Dios (et fecit) la luz\u201d (Gn 1,6-7). Las primeras palabras del Antiguo Testamento aplicadas al Dios creador se repiten al comienzo del Nuevo mediante la respuesta de Mar\u00eda y de Jos\u00e9 dando paso a la nueva Creaci\u00f3n. He intentado integrar el \u201cfiat\u201d de mi ordenaci\u00f3n sacerdotal con el \u201cfecit\u201d de Jos\u00e9, mi santo<br \/>onom\u00e1stico.<\/p><p><strong>Escudo<\/strong><\/p><p>Almenas-castillo. En el escudo placentino hay un torre\u00f3n. En el escudo abulense hay lo que parece un torre\u00f3n, que en realidad es el cimorro de la Catedral del Salvador con el Rey Ni\u00f1o. Partiendo de esa imagen, he<br \/>decidido poner unas almenas en mi escudo, pero haciendo menci\u00f3n del castillo interior de Santa Teresa: \u201cconsiderar nuestra alma como un castillo todo de un diamante o muy claro cristal adonde hay muchos aposentos, as\u00ed como en el cielo hay muchas moradas\u2026 y en el centro y mitad de todas \u00e9stas tiene la m\u00e1s principal, que es adonde pasan las cosas de mucho secreto entre Dios y el alma\u2026 la puerta para entrar en este castillo es la oraci\u00f3n\u2026\u201d.<\/p><p>Pino. Este \u00e1rbol est\u00e1 representado tanto en el escudo de Plasencia como en el de mi pueblo de origen. En Pedro Bernardo muchas familias viv\u00edan del trabajo en la resina del monte pinar. Para m\u00ed el pino aut\u00f3ctono que<br \/>conozco significa laboriosidad y amor a la tierra.<\/p><p>Crism\u00f3n. Aparece en el escudo de mi Di\u00f3cesis de origen, la Di\u00f3cesis de \u00c1vila, y representa el primer vestigio cristiano en la iconograf\u00eda cristiana de \u00c1vila.<\/p><p>Estrella de 8 puntas. Mi primera visita a Plasencia el d\u00eda 19 de abril, fue al santuario de la Virgen del Puerto. Deseaba comenzar desde Ella y como Ella. Dando mi Fiat al Se\u00f1or y encomendando mi ministerio pastoral.<\/p>\t\t\t\t\t<\/div>\n\t\t\t\t\t\t<\/div>\n\t\t\t\t<\/div>\n\t\t\t\t\t\t<\/div>\n\t\t\t\t\t<\/div>\n\t\t<\/div>\n\t\t\t\t<div class=\"elementor-column elementor-col-50 elementor-top-column elementor-element elementor-element-a5974b8\" data-id=\"a5974b8\" data-element_type=\"column\" data-settings=\"{&quot;background_background&quot;:&quot;classic&quot;}\">\n\t\t\t<div class=\"elementor-column-wrap\">\n\t\t\t\t\t\t\t<div class=\"elementor-widget-wrap\">\n\t\t\t\t\t\t\t\t<\/div>\n\t\t\t\t\t<\/div>\n\t\t<\/div>\n\t\t\t\t\t\t\t\t<\/div>\n\t\t\t\t\t<\/div>\n\t\t<\/section>\n\t\t\t\t<section class=\"elementor-section elementor-top-section elementor-element elementor-element-40cd934 elementor-section-boxed elementor-section-height-default elementor-section-height-default\" data-id=\"40cd934\" data-element_type=\"section\">\n\t\t\t\t\t\t<div class=\"elementor-container elementor-column-gap-default\">\n\t\t\t\t\t\t\t<div class=\"elementor-row\">\n\t\t\t\t\t<div class=\"elementor-column elementor-col-50 elementor-top-column elementor-element elementor-element-f01f86c\" data-id=\"f01f86c\" data-element_type=\"column\">\n\t\t\t<div class=\"elementor-column-wrap\">\n\t\t\t\t\t\t\t<div class=\"elementor-widget-wrap\">\n\t\t\t\t\t\t\t\t<\/div>\n\t\t\t\t\t<\/div>\n\t\t<\/div>\n\t\t\t\t<div class=\"elementor-column elementor-col-50 elementor-top-column elementor-element elementor-element-a4af2b6\" data-id=\"a4af2b6\" data-element_type=\"column\">\n\t\t\t<div class=\"elementor-column-wrap\">\n\t\t\t\t\t\t\t<div class=\"elementor-widget-wrap\">\n\t\t\t\t\t\t\t\t<\/div>\n\t\t\t\t\t<\/div>\n\t\t<\/div>\n\t\t\t\t\t\t\t\t<\/div>\n\t\t\t\t\t<\/div>\n\t\t<\/section>\n\t\t\t\t\t\t<\/div>\n\t\t\t\t\t\t<\/div>\n\t\t\t\t\t<\/div>\n\t\t","protected":false},"excerpt":{"rendered":"<p>Excmo. y Rvdmo. Sr. D.&nbsp;Jos\u00e9 Luis Retana Gozalo Jos\u00e9 Luis Retana Gozalo, hijo de Cruz e Isidoro, nace en Pedro Bernardo (\u00c1vila) el 12 de marzo de 1953. Cursa sus &#8230; <\/p>\n<p class=\"read-more-container\"><a title=\"Obispo\" class=\"read-more button\" href=\"https:\/\/www.diocesisciudadrodrigo.org\/blog4\/obispo\/#more-1046\" aria-label=\"M\u00e1s en Obispo\">Leer m\u00e1s &#8230;<\/a><\/p>\n","protected":false},"author":1,"featured_media":0,"parent":0,"menu_order":2,"comment_status":"closed","ping_status":"closed","template":"","meta":{"footnotes":""},"class_list":["post-1046","page","type-page","status-publish"],"yoast_head":"<!-- This site is optimized with the Yoast SEO plugin v27.3 - https:\/\/yoast.com\/product\/yoast-seo-wordpress\/ -->\n<title>Obispo - Di\u00f3cesis de Ciudad Rodrigo<\/title>\n<meta name=\"robots\" content=\"index, follow, max-snippet:-1, max-image-preview:large, max-video-preview:-1\" \/>\n<link rel=\"canonical\" href=\"https:\/\/www.diocesisciudadrodrigo.org\/blog4\/obispo\/\" \/>\n<meta property=\"og:locale\" content=\"es_ES\" \/>\n<meta property=\"og:type\" content=\"article\" \/>\n<meta property=\"og:title\" content=\"Obispo - Di\u00f3cesis de Ciudad Rodrigo\" \/>\n<meta property=\"og:description\" content=\"Excmo. y Rvdmo. Sr. D.&nbsp;Jos\u00e9 Luis Retana Gozalo Jos\u00e9 Luis Retana Gozalo, hijo de Cruz e Isidoro, nace en Pedro Bernardo (\u00c1vila) el 12 de marzo de 1953. Cursa sus ... Leer m\u00e1s ...\" \/>\n<meta property=\"og:url\" content=\"https:\/\/www.diocesisciudadrodrigo.org\/blog4\/obispo\/\" \/>\n<meta property=\"og:site_name\" content=\"Di\u00f3cesis de Ciudad Rodrigo\" \/>\n<meta property=\"article:publisher\" content=\"https:\/\/www.facebook.com\/people\/Dicesis-Ciudad-Rodrigo-MCS\/100076471923419\/#\" \/>\n<meta property=\"article:modified_time\" content=\"2025-03-04T13:18:55+00:00\" \/>\n<meta property=\"og:image\" content=\"https:\/\/www.diocesisciudadrodrigo.org\/blog4\/wp-content\/uploads\/2022\/01\/foto-jose-vicente-17-scaled.jpg\" \/>\n<meta name=\"twitter:card\" content=\"summary_large_image\" \/>\n<meta name=\"twitter:label1\" content=\"Tiempo de lectura\" \/>\n\t<meta name=\"twitter:data1\" content=\"4 minutos\" \/>\n<script type=\"application\/ld+json\" class=\"yoast-schema-graph\">{\"@context\":\"https:\\\/\\\/schema.org\",\"@graph\":[{\"@type\":\"WebPage\",\"@id\":\"https:\\\/\\\/www.diocesisciudadrodrigo.org\\\/blog4\\\/obispo\\\/\",\"url\":\"https:\\\/\\\/www.diocesisciudadrodrigo.org\\\/blog4\\\/obispo\\\/\",\"name\":\"Obispo - Di\u00f3cesis de Ciudad Rodrigo\",\"isPartOf\":{\"@id\":\"https:\\\/\\\/www.diocesisciudadrodrigo.org\\\/blog4\\\/#website\"},\"primaryImageOfPage\":{\"@id\":\"https:\\\/\\\/www.diocesisciudadrodrigo.org\\\/blog4\\\/obispo\\\/#primaryimage\"},\"image\":{\"@id\":\"https:\\\/\\\/www.diocesisciudadrodrigo.org\\\/blog4\\\/obispo\\\/#primaryimage\"},\"thumbnailUrl\":\"https:\\\/\\\/www.diocesisciudadrodrigo.org\\\/blog4\\\/wp-content\\\/uploads\\\/2022\\\/01\\\/foto-jose-vicente-17-scaled.jpg\",\"datePublished\":\"2012-11-29T18:27:07+00:00\",\"dateModified\":\"2025-03-04T13:18:55+00:00\",\"breadcrumb\":{\"@id\":\"https:\\\/\\\/www.diocesisciudadrodrigo.org\\\/blog4\\\/obispo\\\/#breadcrumb\"},\"inLanguage\":\"es\",\"potentialAction\":[{\"@type\":\"ReadAction\",\"target\":[\"https:\\\/\\\/www.diocesisciudadrodrigo.org\\\/blog4\\\/obispo\\\/\"]}]},{\"@type\":\"ImageObject\",\"inLanguage\":\"es\",\"@id\":\"https:\\\/\\\/www.diocesisciudadrodrigo.org\\\/blog4\\\/obispo\\\/#primaryimage\",\"url\":\"https:\\\/\\\/www.diocesisciudadrodrigo.org\\\/blog4\\\/wp-content\\\/uploads\\\/2022\\\/01\\\/foto-jose-vicente-17-scaled.jpg\",\"contentUrl\":\"https:\\\/\\\/www.diocesisciudadrodrigo.org\\\/blog4\\\/wp-content\\\/uploads\\\/2022\\\/01\\\/foto-jose-vicente-17-scaled.jpg\"},{\"@type\":\"BreadcrumbList\",\"@id\":\"https:\\\/\\\/www.diocesisciudadrodrigo.org\\\/blog4\\\/obispo\\\/#breadcrumb\",\"itemListElement\":[{\"@type\":\"ListItem\",\"position\":1,\"name\":\"Portada\",\"item\":\"https:\\\/\\\/www.diocesisciudadrodrigo.org\\\/blog4\\\/\"},{\"@type\":\"ListItem\",\"position\":2,\"name\":\"Obispo\"}]},{\"@type\":\"WebSite\",\"@id\":\"https:\\\/\\\/www.diocesisciudadrodrigo.org\\\/blog4\\\/#website\",\"url\":\"https:\\\/\\\/www.diocesisciudadrodrigo.org\\\/blog4\\\/\",\"name\":\"Di\u00f3cesis de Ciudad Rodrigo\",\"description\":\"Sitio web oficial de la di\u00f3cesis civitatense\",\"publisher\":{\"@id\":\"https:\\\/\\\/www.diocesisciudadrodrigo.org\\\/blog4\\\/#organization\"},\"potentialAction\":[{\"@type\":\"SearchAction\",\"target\":{\"@type\":\"EntryPoint\",\"urlTemplate\":\"https:\\\/\\\/www.diocesisciudadrodrigo.org\\\/blog4\\\/?s={search_term_string}\"},\"query-input\":{\"@type\":\"PropertyValueSpecification\",\"valueRequired\":true,\"valueName\":\"search_term_string\"}}],\"inLanguage\":\"es\"},{\"@type\":\"Organization\",\"@id\":\"https:\\\/\\\/www.diocesisciudadrodrigo.org\\\/blog4\\\/#organization\",\"name\":\"Di\u00f3cesis de Ciudad Rodrigo\",\"url\":\"https:\\\/\\\/www.diocesisciudadrodrigo.org\\\/blog4\\\/\",\"logo\":{\"@type\":\"ImageObject\",\"inLanguage\":\"es\",\"@id\":\"https:\\\/\\\/www.diocesisciudadrodrigo.org\\\/blog4\\\/#\\\/schema\\\/logo\\\/image\\\/\",\"url\":\"https:\\\/\\\/www.diocesisciudadrodrigo.org\\\/blog4\\\/wp-content\\\/uploads\\\/2024\\\/12\\\/Diocesis.CMYK_-768x480-1.jpg\",\"contentUrl\":\"https:\\\/\\\/www.diocesisciudadrodrigo.org\\\/blog4\\\/wp-content\\\/uploads\\\/2024\\\/12\\\/Diocesis.CMYK_-768x480-1.jpg\",\"width\":768,\"height\":480,\"caption\":\"Di\u00f3cesis de Ciudad Rodrigo\"},\"image\":{\"@id\":\"https:\\\/\\\/www.diocesisciudadrodrigo.org\\\/blog4\\\/#\\\/schema\\\/logo\\\/image\\\/\"},\"sameAs\":[\"https:\\\/\\\/www.facebook.com\\\/people\\\/Dicesis-Ciudad-Rodrigo-MCS\\\/100076471923419\\\/#\"]}]}<\/script>\n<!-- \/ Yoast SEO plugin. -->","yoast_head_json":{"title":"Obispo - Di\u00f3cesis de Ciudad Rodrigo","robots":{"index":"index","follow":"follow","max-snippet":"max-snippet:-1","max-image-preview":"max-image-preview:large","max-video-preview":"max-video-preview:-1"},"canonical":"https:\/\/www.diocesisciudadrodrigo.org\/blog4\/obispo\/","og_locale":"es_ES","og_type":"article","og_title":"Obispo - Di\u00f3cesis de Ciudad Rodrigo","og_description":"Excmo. y Rvdmo. Sr. D.&nbsp;Jos\u00e9 Luis Retana Gozalo Jos\u00e9 Luis Retana Gozalo, hijo de Cruz e Isidoro, nace en Pedro Bernardo (\u00c1vila) el 12 de marzo de 1953. Cursa sus ... Leer m\u00e1s ...","og_url":"https:\/\/www.diocesisciudadrodrigo.org\/blog4\/obispo\/","og_site_name":"Di\u00f3cesis de Ciudad Rodrigo","article_publisher":"https:\/\/www.facebook.com\/people\/Dicesis-Ciudad-Rodrigo-MCS\/100076471923419\/#","article_modified_time":"2025-03-04T13:18:55+00:00","og_image":[{"url":"https:\/\/www.diocesisciudadrodrigo.org\/blog4\/wp-content\/uploads\/2022\/01\/foto-jose-vicente-17-scaled.jpg","type":"","width":"","height":""}],"twitter_card":"summary_large_image","twitter_misc":{"Tiempo de lectura":"4 minutos"},"schema":{"@context":"https:\/\/schema.org","@graph":[{"@type":"WebPage","@id":"https:\/\/www.diocesisciudadrodrigo.org\/blog4\/obispo\/","url":"https:\/\/www.diocesisciudadrodrigo.org\/blog4\/obispo\/","name":"Obispo - Di\u00f3cesis de Ciudad Rodrigo","isPartOf":{"@id":"https:\/\/www.diocesisciudadrodrigo.org\/blog4\/#website"},"primaryImageOfPage":{"@id":"https:\/\/www.diocesisciudadrodrigo.org\/blog4\/obispo\/#primaryimage"},"image":{"@id":"https:\/\/www.diocesisciudadrodrigo.org\/blog4\/obispo\/#primaryimage"},"thumbnailUrl":"https:\/\/www.diocesisciudadrodrigo.org\/blog4\/wp-content\/uploads\/2022\/01\/foto-jose-vicente-17-scaled.jpg","datePublished":"2012-11-29T18:27:07+00:00","dateModified":"2025-03-04T13:18:55+00:00","breadcrumb":{"@id":"https:\/\/www.diocesisciudadrodrigo.org\/blog4\/obispo\/#breadcrumb"},"inLanguage":"es","potentialAction":[{"@type":"ReadAction","target":["https:\/\/www.diocesisciudadrodrigo.org\/blog4\/obispo\/"]}]},{"@type":"ImageObject","inLanguage":"es","@id":"https:\/\/www.diocesisciudadrodrigo.org\/blog4\/obispo\/#primaryimage","url":"https:\/\/www.diocesisciudadrodrigo.org\/blog4\/wp-content\/uploads\/2022\/01\/foto-jose-vicente-17-scaled.jpg","contentUrl":"https:\/\/www.diocesisciudadrodrigo.org\/blog4\/wp-content\/uploads\/2022\/01\/foto-jose-vicente-17-scaled.jpg"},{"@type":"BreadcrumbList","@id":"https:\/\/www.diocesisciudadrodrigo.org\/blog4\/obispo\/#breadcrumb","itemListElement":[{"@type":"ListItem","position":1,"name":"Portada","item":"https:\/\/www.diocesisciudadrodrigo.org\/blog4\/"},{"@type":"ListItem","position":2,"name":"Obispo"}]},{"@type":"WebSite","@id":"https:\/\/www.diocesisciudadrodrigo.org\/blog4\/#website","url":"https:\/\/www.diocesisciudadrodrigo.org\/blog4\/","name":"Di\u00f3cesis de Ciudad Rodrigo","description":"Sitio web oficial de la di\u00f3cesis civitatense","publisher":{"@id":"https:\/\/www.diocesisciudadrodrigo.org\/blog4\/#organization"},"potentialAction":[{"@type":"SearchAction","target":{"@type":"EntryPoint","urlTemplate":"https:\/\/www.diocesisciudadrodrigo.org\/blog4\/?s={search_term_string}"},"query-input":{"@type":"PropertyValueSpecification","valueRequired":true,"valueName":"search_term_string"}}],"inLanguage":"es"},{"@type":"Organization","@id":"https:\/\/www.diocesisciudadrodrigo.org\/blog4\/#organization","name":"Di\u00f3cesis de Ciudad Rodrigo","url":"https:\/\/www.diocesisciudadrodrigo.org\/blog4\/","logo":{"@type":"ImageObject","inLanguage":"es","@id":"https:\/\/www.diocesisciudadrodrigo.org\/blog4\/#\/schema\/logo\/image\/","url":"https:\/\/www.diocesisciudadrodrigo.org\/blog4\/wp-content\/uploads\/2024\/12\/Diocesis.CMYK_-768x480-1.jpg","contentUrl":"https:\/\/www.diocesisciudadrodrigo.org\/blog4\/wp-content\/uploads\/2024\/12\/Diocesis.CMYK_-768x480-1.jpg","width":768,"height":480,"caption":"Di\u00f3cesis de Ciudad Rodrigo"},"image":{"@id":"https:\/\/www.diocesisciudadrodrigo.org\/blog4\/#\/schema\/logo\/image\/"},"sameAs":["https:\/\/www.facebook.com\/people\/Dicesis-Ciudad-Rodrigo-MCS\/100076471923419\/#"]}]}},"_links":{"self":[{"href":"https:\/\/www.diocesisciudadrodrigo.org\/blog4\/wp-json\/wp\/v2\/pages\/1046","targetHints":{"allow":["GET"]}}],"collection":[{"href":"https:\/\/www.diocesisciudadrodrigo.org\/blog4\/wp-json\/wp\/v2\/pages"}],"about":[{"href":"https:\/\/www.diocesisciudadrodrigo.org\/blog4\/wp-json\/wp\/v2\/types\/page"}],"author":[{"embeddable":true,"href":"https:\/\/www.diocesisciudadrodrigo.org\/blog4\/wp-json\/wp\/v2\/users\/1"}],"replies":[{"embeddable":true,"href":"https:\/\/www.diocesisciudadrodrigo.org\/blog4\/wp-json\/wp\/v2\/comments?post=1046"}],"version-history":[{"count":66,"href":"https:\/\/www.diocesisciudadrodrigo.org\/blog4\/wp-json\/wp\/v2\/pages\/1046\/revisions"}],"predecessor-version":[{"id":35094,"href":"https:\/\/www.diocesisciudadrodrigo.org\/blog4\/wp-json\/wp\/v2\/pages\/1046\/revisions\/35094"}],"wp:attachment":[{"href":"https:\/\/www.diocesisciudadrodrigo.org\/blog4\/wp-json\/wp\/v2\/media?parent=1046"}],"curies":[{"name":"wp","href":"https:\/\/api.w.org\/{rel}","templated":true}]}}