{"version":"1.0","provider_name":"Di\u00f3cesis de Ciudad Rodrigo","provider_url":"https:\/\/www.diocesisciudadrodrigo.org\/blog4","author_name":"Silvia Garc\u00eda Rojo","author_url":"https:\/\/www.diocesisciudadrodrigo.org\/blog4\/author\/administracion\/","title":"Viaje de la delegaci\u00f3n de Misiones - Di\u00f3cesis de Ciudad Rodrigo","type":"rich","width":600,"height":338,"html":"<blockquote class=\"wp-embedded-content\" data-secret=\"nGIXBh2Sbr\"><a href=\"https:\/\/www.diocesisciudadrodrigo.org\/blog4\/viaje-de-la-delegacion-de-misiones\/\">Viaje de la delegaci\u00f3n de Misiones<\/a><\/blockquote><iframe sandbox=\"allow-scripts\" security=\"restricted\" src=\"https:\/\/www.diocesisciudadrodrigo.org\/blog4\/viaje-de-la-delegacion-de-misiones\/embed\/#?secret=nGIXBh2Sbr\" width=\"600\" height=\"338\" title=\"\u00abViaje de la delegaci\u00f3n de Misiones\u00bb \u2014 Di\u00f3cesis de Ciudad Rodrigo\" data-secret=\"nGIXBh2Sbr\" frameborder=\"0\" marginwidth=\"0\" marginheight=\"0\" scrolling=\"no\" class=\"wp-embedded-content\"><\/iframe><script>\n\/*! This file is auto-generated *\/\n!function(d,l){\"use strict\";l.querySelector&&d.addEventListener&&\"undefined\"!=typeof URL&&(d.wp=d.wp||{},d.wp.receiveEmbedMessage||(d.wp.receiveEmbedMessage=function(e){var t=e.data;if((t||t.secret||t.message||t.value)&&!\/[^a-zA-Z0-9]\/.test(t.secret)){for(var s,r,n,a=l.querySelectorAll('iframe[data-secret=\"'+t.secret+'\"]'),o=l.querySelectorAll('blockquote[data-secret=\"'+t.secret+'\"]'),c=new RegExp(\"^https?:$\",\"i\"),i=0;i<o.length;i++)o[i].style.display=\"none\";for(i=0;i<a.length;i++)s=a[i],e.source===s.contentWindow&&(s.removeAttribute(\"style\"),\"height\"===t.message?(1e3<(r=parseInt(t.value,10))?r=1e3:~~r<200&&(r=200),s.height=r):\"link\"===t.message&&(r=new URL(s.getAttribute(\"src\")),n=new URL(t.value),c.test(n.protocol))&&n.host===r.host&&l.activeElement===s&&(d.top.location.href=t.value))}},d.addEventListener(\"message\",d.wp.receiveEmbedMessage,!1),l.addEventListener(\"DOMContentLoaded\",function(){for(var e,t,s=l.querySelectorAll(\"iframe.wp-embedded-content\"),r=0;r<s.length;r++)(t=(e=s[r]).getAttribute(\"data-secret\"))||(t=Math.random().toString(36).substring(2,12),e.src+=\"#?secret=\"+t,e.setAttribute(\"data-secret\",t)),e.contentWindow.postMessage({message:\"ready\",secret:t},\"*\")},!1)))}(window,document);\n<\/script>\n","thumbnail_url":"https:\/\/www.diocesisciudadrodrigo.org\/blog4\/wp-content\/uploads\/2019\/06\/PHOTO-2019-06-07-19-08-36.jpg","thumbnail_width":640,"thumbnail_height":480,"description":"Un nutrido grupo de integrantes de la delegaci\u00f3n de Misiones de la di\u00f3cesis de Ciudad Rodrigo visit\u00f3 en d\u00edas pasados la exposici\u00f3n de las Edades del Hombre que en esta ... Leer m\u00e1s ..."}