{"version":"1.0","provider_name":"Di\u00f3cesis de Ciudad Rodrigo","provider_url":"https:\/\/www.diocesisciudadrodrigo.org\/blog4","author_name":"Silvia Garc\u00eda Rojo","author_url":"https:\/\/www.diocesisciudadrodrigo.org\/blog4\/author\/administracion\/","title":"Festividad - Di\u00f3cesis de Ciudad Rodrigo","type":"rich","width":600,"height":338,"html":"<blockquote class=\"wp-embedded-content\" data-secret=\"0WSqjHkjVI\"><a href=\"https:\/\/www.diocesisciudadrodrigo.org\/blog4\/festividad-4\/\">Festividad<\/a><\/blockquote><iframe sandbox=\"allow-scripts\" security=\"restricted\" src=\"https:\/\/www.diocesisciudadrodrigo.org\/blog4\/festividad-4\/embed\/#?secret=0WSqjHkjVI\" width=\"600\" height=\"338\" title=\"\u00abFestividad\u00bb \u2014 Di\u00f3cesis de Ciudad Rodrigo\" data-secret=\"0WSqjHkjVI\" frameborder=\"0\" marginwidth=\"0\" marginheight=\"0\" scrolling=\"no\" class=\"wp-embedded-content\"><\/iframe><script>\n\/*! This file is auto-generated *\/\n!function(d,l){\"use strict\";l.querySelector&&d.addEventListener&&\"undefined\"!=typeof URL&&(d.wp=d.wp||{},d.wp.receiveEmbedMessage||(d.wp.receiveEmbedMessage=function(e){var t=e.data;if((t||t.secret||t.message||t.value)&&!\/[^a-zA-Z0-9]\/.test(t.secret)){for(var s,r,n,a=l.querySelectorAll('iframe[data-secret=\"'+t.secret+'\"]'),o=l.querySelectorAll('blockquote[data-secret=\"'+t.secret+'\"]'),c=new RegExp(\"^https?:$\",\"i\"),i=0;i<o.length;i++)o[i].style.display=\"none\";for(i=0;i<a.length;i++)s=a[i],e.source===s.contentWindow&&(s.removeAttribute(\"style\"),\"height\"===t.message?(1e3<(r=parseInt(t.value,10))?r=1e3:~~r<200&&(r=200),s.height=r):\"link\"===t.message&&(r=new URL(s.getAttribute(\"src\")),n=new URL(t.value),c.test(n.protocol))&&n.host===r.host&&l.activeElement===s&&(d.top.location.href=t.value))}},d.addEventListener(\"message\",d.wp.receiveEmbedMessage,!1),l.addEventListener(\"DOMContentLoaded\",function(){for(var e,t,s=l.querySelectorAll(\"iframe.wp-embedded-content\"),r=0;r<s.length;r++)(t=(e=s[r]).getAttribute(\"data-secret\"))||(t=Math.random().toString(36).substring(2,12),e.src+=\"#?secret=\"+t,e.setAttribute(\"data-secret\",t)),e.contentWindow.postMessage({message:\"ready\",secret:t},\"*\")},!1)))}(window,document);\n<\/script>\n","description":"El Administrador Apost\u00f3lico preside la Eucarist\u00eda en la Inmaculada Concepci\u00f3n El administrador apost\u00f3lico de la Di\u00f3cesis de Ciudad Rodrigo, Monse\u00f1or Francisco Gil Hell\u00edn, fue el encargado de presidir la misa ... Leer m\u00e1s ..."}